{"id":1462,"date":"2023-11-13T19:46:21","date_gmt":"2023-11-13T19:46:21","guid":{"rendered":"https:\/\/alumni.cvut.cz\/absolventi\/?page_id=1462"},"modified":"2024-11-27T12:46:18","modified_gmt":"2024-11-27T10:46:18","slug":"kariera","status":"publish","type":"page","link":"https:\/\/alumni.cvut.cz\/absolventi\/kariera\/","title":{"rendered":"Kari\u00e9ra"},"content":{"rendered":"<p>[et_pb_section fb_built=&#8220;1&#8243; _builder_version=&#8220;4.23.1&#8243; _module_preset=&#8220;default&#8220; background_image=&#8220;https:\/\/alumni.cvut.cz\/absolventi\/wp-content\/uploads\/sites\/2\/2023\/10\/20230425_114_CVUT-VIC-Ryszawy-1.jpg&#8220; height=&#8220;60vh&#8220; custom_padding=&#8220;0px||0px||false|false&#8220; global_colors_info=&#8220;{}&#8220;][et_pb_row _builder_version=&#8220;4.21.2&#8243; _module_preset=&#8220;default&#8220; background_color=&#8220;rgba(141,159,173,0.4)&#8220; width=&#8220;100%&#8220; max_width=&#8220;100%&#8220; height=&#8220;100%&#8220; custom_margin=&#8220;||||false|false&#8220; custom_padding=&#8220;||||false|false&#8220; custom_css_main_element=&#8220;backdrop-filter: blur(10.5px);||  display: flex;||  align-items: center; \/* Vertical centering *\/&#8220; global_colors_info=&#8220;{}&#8220;][et_pb_column type=&#8220;4_4&#8243; _builder_version=&#8220;4.21.2&#8243; _module_preset=&#8220;default&#8220; custom_padding=&#8220;||||false|false&#8220; global_colors_info=&#8220;{}&#8220;][et_pb_text _builder_version=&#8220;4.24.2&#8243; _module_preset=&#8220;default&#8220; header_text_color=&#8220;#FFFFFF&#8220; global_colors_info=&#8220;{}&#8220;]<\/p>\n<h1 style=\"text-align: center;\">Kari\u00e9ra<\/h1>\n<p>[\/et_pb_text][\/et_pb_column][\/et_pb_row][\/et_pb_section][et_pb_section fb_built=&#8220;1&#8243; _builder_version=&#8220;4.23.1&#8243; _module_preset=&#8220;default&#8220; background_color=&#8220;#E05206&#8243; custom_padding=&#8220;0px||0px|||&#8220; background_last_edited=&#8220;on|desktop&#8220; background_enable_color_tablet=&#8220;off&#8220; global_colors_info=&#8220;{}&#8220;][et_pb_row _builder_version=&#8220;4.21.2&#8243; _module_preset=&#8220;default&#8220; global_colors_info=&#8220;{}&#8220;][et_pb_column type=&#8220;4_4&#8243; _builder_version=&#8220;4.21.2&#8243; _module_preset=&#8220;default&#8220; global_colors_info=&#8220;{}&#8220;][dipi_breadcrumbs bc_custom_home=&#8220;on&#8220; bc_home_text=&#8220;\u00davod&#8220; bc_home_icon=&#8220;on&#8220; bc_home_size=&#8220;24px&#8220; bc_home_color=&#8220;#333333&#8243; bc_separator_icon=&#8220;&#x35;||divi||400&#8243; bc_is_post_type_root=&#8220;on&#8220; bc_schema=&#8220;off&#8220; bc_separator_size=&#8220;36px&#8220; bc_separator_color=&#8220;#FFFFFF&#8220; bc_separator_space=&#8220;0px&#8220; _builder_version=&#8220;4.24.2&#8243; _module_preset=&#8220;default&#8220; items_text_color=&#8220;#333333&#8243; items_font_size=&#8220;25px&#8220; active_font=&#8220;Technika||||||||&#8220; active_text_color=&#8220;#FFFFFF&#8220; global_colors_info=&#8220;{}&#8220;][\/dipi_breadcrumbs][\/et_pb_column][\/et_pb_row][et_pb_row column_structure=&#8220;1_2,1_2&#8243; use_custom_gutter=&#8220;on&#8220; gutter_width=&#8220;2&#8243; make_equal=&#8220;on&#8220; custom_padding_last_edited=&#8220;on|desktop&#8220; _builder_version=&#8220;4.23.1&#8243; _module_preset=&#8220;default&#8220; background_color=&#8220;RGBA(255,255,255,0)&#8220; custom_padding=&#8220;20px|50px|20px|50px|false|false&#8220; custom_padding_tablet=&#8220;||10px||false|false&#8220; custom_padding_phone=&#8220;|20px||20px|false|true&#8220; global_colors_info=&#8220;{}&#8220;][et_pb_column type=&#8220;1_2&#8243; _builder_version=&#8220;4.23.1&#8243; _module_preset=&#8220;default&#8220; use_background_color_gradient=&#8220;on&#8220; background_color_gradient_direction=&#8220;90deg&#8220; background_color_gradient_stops=&#8220;rgba(255,255,255,0.4) 0%|rgba(255,255,255,0) 100%&#8220; custom_padding=&#8220;30px|50px|30px|50px|true|true&#8220; custom_padding_tablet=&#8220;30px|50px|30px|50px|true|true&#8220; custom_padding_phone=&#8220;|15px||15px|true|true&#8220; custom_padding_last_edited=&#8220;on|phone&#8220; border_radii=&#8220;on|10px|10px|10px|10px&#8220; border_width_all=&#8220;1px&#8220; border_color_all=&#8220;#FFFFFF&#8220; global_colors_info=&#8220;{}&#8220;][et_pb_text _builder_version=&#8220;4.24.2&#8243; _module_preset=&#8220;default&#8220; background_layout=&#8220;dark&#8220; custom_margin=&#8220;||14px|||&#8220; hover_enabled=&#8220;0&#8243; global_colors_info=&#8220;{}&#8220; sticky_enabled=&#8220;0&#8243;]<\/p>\n<h2>Slu\u017eby kari\u00e9rn\u00edho centra<\/h2>\n<p>[\/et_pb_text][et_pb_text _builder_version=&#8220;4.24.2&#8243; _module_preset=&#8220;default&#8220; background_layout=&#8220;dark&#8220; hover_enabled=&#8220;0&#8243; global_colors_info=&#8220;{}&#8220; sticky_enabled=&#8220;0&#8243;]Jako hrd\u00fd absolvent \u010cVUT v Praze m\u016f\u017eete vyu\u017e\u00edvat slu\u017eeb Kari\u00e9rn\u00edho centra \u010cVUT a\u017e t\u0159i roky po ukon\u010den\u00ed studia. Pat\u0159\u00ed sem tematick\u00e9 workshopy, p\u0159edn\u00e1\u0161ky, recenze \u017eivotopis\u016f a motiva\u010dn\u00edch dopis\u016f, specializovan\u00fd port\u00e1l pracovn\u00edch p\u0159\u00edle\u017eitost\u00ed a individu\u00e1ln\u00ed kou\u010dink v angli\u010dtin\u011b. A co je nejlep\u0161\u00ed, tyto slu\u017eby Kari\u00e9rn\u00edho centra \u010cVUT jsou zcela zdarma.[\/et_pb_text][\/et_pb_column][et_pb_column type=&#8220;1_2&#8243; _builder_version=&#8220;4.23.1&#8243; _module_preset=&#8220;default&#8220; use_background_color_gradient=&#8220;on&#8220; background_color_gradient_direction=&#8220;90deg&#8220; background_color_gradient_stops=&#8220;rgba(255,255,255,0.4) 0%|rgba(255,255,255,0) 100%&#8220; custom_padding=&#8220;30px|50px|30px|50px|true|true&#8220; custom_padding_tablet=&#8220;30px|50px|30px|50px|true|true&#8220; custom_padding_phone=&#8220;|15px||15px|true|true&#8220; custom_padding_last_edited=&#8220;on|phone&#8220; border_radii=&#8220;on|10px|10px|10px|10px&#8220; border_width_all=&#8220;1px&#8220; border_color_all=&#8220;#FFFFFF&#8220; global_colors_info=&#8220;{}&#8220;][et_pb_text _builder_version=&#8220;4.24.2&#8243; _module_preset=&#8220;default&#8220; background_layout=&#8220;dark&#8220; custom_margin=&#8220;||14px|||&#8220; hover_enabled=&#8220;0&#8243; global_colors_info=&#8220;{}&#8220; sticky_enabled=&#8220;0&#8243;]<\/p>\n<h2>Kari\u00e9rn\u00ed poradenstv\u00ed<\/h2>\n<p>[\/et_pb_text][et_pb_text _builder_version=&#8220;4.24.2&#8243; _module_preset=&#8220;default&#8220; background_layout=&#8220;dark&#8220; hover_enabled=&#8220;0&#8243; global_colors_info=&#8220;{}&#8220; sticky_enabled=&#8220;0&#8243;]Nejste si jisti, jak napsat motiva\u010dn\u00ed dopis, jak naj\u00edt pracovn\u00ed p\u0159\u00edle\u017eitosti, jak usp\u011bt na pohovoru nebo zda si zalo\u017eit profil na LinkedIn? Pokud uva\u017eujete o pr\u00e1ci v \u010cesk\u00e9 republice, mo\u017en\u00e1 se v\u00e1m tyto ot\u00e1zky hon\u00ed hlavou. Na\u0161e odborn\u00e9 kari\u00e9rn\u00ed poradenstv\u00ed v\u00e1s nasm\u011bruje na spr\u00e1vnou cestu a dod\u00e1 v\u00e1m klid.[\/et_pb_text][\/et_pb_column][\/et_pb_row][et_pb_row column_structure=&#8220;1_2,1_2&#8243; use_custom_gutter=&#8220;on&#8220; gutter_width=&#8220;2&#8243; make_equal=&#8220;on&#8220; custom_padding_last_edited=&#8220;on|desktop&#8220; _builder_version=&#8220;4.23.1&#8243; _module_preset=&#8220;default&#8220; background_color=&#8220;RGBA(255,255,255,0)&#8220; custom_padding=&#8220;20px|50px|70px|50px|false|false&#8220; custom_padding_tablet=&#8220;||10px||false|false&#8220; custom_padding_phone=&#8220;|20px||20px|false|true&#8220; global_colors_info=&#8220;{}&#8220;][et_pb_column type=&#8220;1_2&#8243; _builder_version=&#8220;4.23.1&#8243; _module_preset=&#8220;default&#8220; use_background_color_gradient=&#8220;on&#8220; background_color_gradient_direction=&#8220;90deg&#8220; background_color_gradient_stops=&#8220;rgba(255,255,255,0.4) 0%|rgba(255,255,255,0) 100%&#8220; custom_padding=&#8220;30px|50px|30px|50px|true|true&#8220; custom_padding_tablet=&#8220;30px|50px|30px|50px|true|true&#8220; custom_padding_phone=&#8220;|15px||15px|true|true&#8220; custom_padding_last_edited=&#8220;on|phone&#8220; border_radii=&#8220;on|10px|10px|10px|10px&#8220; border_width_all=&#8220;1px&#8220; border_color_all=&#8220;#FFFFFF&#8220; global_colors_info=&#8220;{}&#8220;][et_pb_text _builder_version=&#8220;4.24.2&#8243; _module_preset=&#8220;default&#8220; background_layout=&#8220;dark&#8220; custom_margin=&#8220;||14px|||&#8220; hover_enabled=&#8220;0&#8243; global_colors_info=&#8220;{}&#8220; sticky_enabled=&#8220;0&#8243;]<\/p>\n<h2>Pomoc s\u00a0p\u0159\u00edpravou CV<\/h2>\n<p>[\/et_pb_text][et_pb_text _builder_version=&#8220;4.24.2&#8243; _module_preset=&#8220;default&#8220; background_layout=&#8220;dark&#8220; hover_enabled=&#8220;0&#8243; global_colors_info=&#8220;{}&#8220; sticky_enabled=&#8220;0&#8243;]M\u00e1te z\u00e1jem o pracovn\u00ed nab\u00eddku, ale nejste si jisti sv\u00fdm \u017eivotopisem, motiva\u010dn\u00edm dopisem nebo profilem na LinkedIn? Nechte si pomoci od spole\u010dnosti CV Aid! N\u00e1\u0161 specializovan\u00fd extern\u00ed spolupracovn\u00edk se bude zab\u00fdvat va\u0161imi obavami a\u00a0poskytne v\u00e1m zp\u011btnou vazbu do 48 hodin od obdr\u017een\u00ed va\u0161ich materi\u00e1l\u016f.[\/et_pb_text][\/et_pb_column][et_pb_column type=&#8220;1_2&#8243; _builder_version=&#8220;4.23.1&#8243; _module_preset=&#8220;default&#8220; use_background_color_gradient=&#8220;on&#8220; background_color_gradient_direction=&#8220;90deg&#8220; background_color_gradient_stops=&#8220;rgba(255,255,255,0.4) 0%|rgba(255,255,255,0) 100%&#8220; custom_padding=&#8220;30px|50px|30px|50px|true|true&#8220; custom_padding_tablet=&#8220;30px|50px|30px|50px|true|true&#8220; custom_padding_phone=&#8220;|15px||15px|true|true&#8220; custom_padding_last_edited=&#8220;on|phone&#8220; border_radii=&#8220;on|10px|10px|10px|10px&#8220; border_width_all=&#8220;1px&#8220; border_color_all=&#8220;#FFFFFF&#8220; global_colors_info=&#8220;{}&#8220;][et_pb_text _builder_version=&#8220;4.24.2&#8243; _module_preset=&#8220;default&#8220; background_layout=&#8220;dark&#8220; custom_margin=&#8220;||14px|||&#8220; hover_enabled=&#8220;0&#8243; global_colors_info=&#8220;{}&#8220; sticky_enabled=&#8220;0&#8243;]<\/p>\n<h2>Program mentoringu<\/h2>\n<p>[\/et_pb_text][et_pb_text _builder_version=&#8220;4.24.2&#8243; _module_preset=&#8220;default&#8220; link_font=&#8220;||||on||||&#8220; link_text_color=&#8220;#FFFFFF&#8220; background_layout=&#8220;dark&#8220; hover_enabled=&#8220;0&#8243; global_colors_info=&#8220;{}&#8220; sticky_enabled=&#8220;0&#8243;]Ka\u017edoro\u010dn\u011b vyb\u00edr\u00e1me p\u0159ibli\u017en\u011b 50 mentor\u016f z \u0161irok\u00e9ho spektra firem a profes\u00ed, kte\u0159\u00ed jsou otev\u0159eni spolupr\u00e1ci se sou\u010dasn\u00fdmi studenty \u010cVUT. V\u011bt\u0161ina na\u0161ich mentor\u016f je otev\u0159ena mentoringu v angli\u010dtin\u011b, ale i v n\u011bkter\u00fdch dal\u0161\u00edch jazyc\u00edch krom\u011b \u010de\u0161tiny a angli\u010dtiny.[\/et_pb_text][\/et_pb_column][\/et_pb_row][et_pb_row _builder_version=&#8220;4.24.2&#8243; _module_preset=&#8220;default&#8220; custom_padding=&#8220;0px||80px||false|false&#8220; hover_enabled=&#8220;0&#8243; sticky_enabled=&#8220;0&#8243;][et_pb_column _builder_version=&#8220;4.24.2&#8243; _module_preset=&#8220;default&#8220; type=&#8220;4_4&#8243;][et_pb_button button_url=&#8220;https:\/\/www.kariernicentrum.cz\/&#8220; url_new_window=&#8220;on&#8220; button_text=&#8220;Kari\u00e9rn\u00ed centrum \u010cVUT&#8220; button_alignment=&#8220;center&#8220; _builder_version=&#8220;4.24.2&#8243; _module_preset=&#8220;default&#8220; custom_button=&#8220;on&#8220; button_text_color=&#8220;#FFFFFF&#8220; button_bg_color=&#8220;RGBA(255,255,255,0)&#8220; button_border_color=&#8220;#FFFFFF&#8220; button_use_icon=&#8220;off&#8220; custom_padding=&#8220;|30px||30px|false|true&#8220; hover_enabled=&#8220;0&#8243; global_colors_info=&#8220;{}&#8220; button_text_color__hover_enabled=&#8220;on|hover&#8220; button_text_color__hover=&#8220;#0065BD&#8220; button_bg_color__hover_enabled=&#8220;on|desktop&#8220; button_bg_color__hover=&#8220;#FFFFFF&#8220; button_bg_enable_color__hover=&#8220;on&#8220; button_border_color__hover_enabled=&#8220;on|hover&#8220; button_border_color__hover=&#8220;#0065BD&#8220; sticky_enabled=&#8220;0&#8243;][\/et_pb_button][\/et_pb_column][\/et_pb_row][\/et_pb_section]<\/p>\n","protected":false},"excerpt":{"rendered":"<p>Kari\u00e9ra<div class=\"et_pb_module dipi_breadcrumbs dipi_breadcrumbs_0\">\n\t\t\t\t\n\t\t\t\t\n\t\t\t\t\n\t\t\t\t\n\t\t\t\t\n\t\t\t\t\n\t\t\t\t<div class=\"et_pb_module_inner\">\n\t\t\t\t\t<div class=\"dipi-breadcrumbs dipi-bc-left\">\n                <ul >\n                    \n                                                        <li  class=\"dipi-breadcrumb-item dipi-breadcrumb-home\">\n\n                        \n                            <a  href=\"\">\n                                <span  >\n                                    <span class=\"et-pb-icon dipi-home-icon\"><\/span>                                    \u00davod                                <\/span>\n                            <\/a>\n\n                                                <meta itemprop=\"position\" content=\"1\"\/>                    <\/li>\n\n                    <li class=\"dipi-breadcrumb-separator\">\n                    <span class=\"et-pb-icon dipi-separator-icon\">&#x35;<\/span>\n                <\/li>                            \n                <\/ul>\n            <\/div>\n\t\t\t\t<\/div>\n\t\t\t<\/div>Slu\u017eby kari\u00e9rn\u00edho centraJako hrd\u00fd absolvent \u010cVUT v Praze m\u016f\u017eete vyu\u017e\u00edvat slu\u017eeb Kari\u00e9rn\u00edho centra \u010cVUT a\u017e t\u0159i roky po ukon\u010den\u00ed studia. Pat\u0159\u00ed sem tematick\u00e9 workshopy, p\u0159edn\u00e1\u0161ky, recenze \u017eivotopis\u016f a motiva\u010dn\u00edch dopis\u016f, specializovan\u00fd port\u00e1l pracovn\u00edch p\u0159\u00edle\u017eitost\u00ed a individu\u00e1ln\u00ed kou\u010dink [&hellip;]<\/p>\n","protected":false},"author":1,"featured_media":0,"parent":0,"menu_order":0,"comment_status":"closed","ping_status":"closed","template":"","meta":{"_et_pb_use_builder":"on","_et_pb_old_content":"","_et_gb_content_width":"","footnotes":""},"dipi_cpt_category":[],"yoast_head":"<!-- This site is optimized with the Yoast SEO plugin v22.4 - https:\/\/yoast.com\/wordpress\/plugins\/seo\/ -->\n<title>Kari\u00e9ra - Absolventi \u010cVUT<\/title>\n<meta name=\"robots\" content=\"index, follow, max-snippet:-1, max-image-preview:large, max-video-preview:-1\" \/>\n<link rel=\"canonical\" href=\"https:\/\/alumni.cvut.cz\/absolventi\/kariera\/\" \/>\n<meta property=\"og:locale\" content=\"cs_CZ\" \/>\n<meta property=\"og:type\" content=\"article\" \/>\n<meta property=\"og:title\" content=\"Kari\u00e9ra - Absolventi \u010cVUT\" \/>\n<meta property=\"og:description\" content=\"Kari\u00e9raSlu\u017eby kari\u00e9rn\u00edho centraJako hrd\u00fd absolvent \u010cVUT v Praze m\u016f\u017eete vyu\u017e\u00edvat slu\u017eeb Kari\u00e9rn\u00edho centra \u010cVUT a\u017e t\u0159i roky po ukon\u010den\u00ed studia. Pat\u0159\u00ed sem tematick\u00e9 workshopy, p\u0159edn\u00e1\u0161ky, recenze \u017eivotopis\u016f a motiva\u010dn\u00edch dopis\u016f, specializovan\u00fd port\u00e1l pracovn\u00edch p\u0159\u00edle\u017eitost\u00ed a individu\u00e1ln\u00ed kou\u010dink [&hellip;]\" \/>\n<meta property=\"og:url\" content=\"https:\/\/alumni.cvut.cz\/absolventi\/kariera\/\" \/>\n<meta property=\"og:site_name\" content=\"Absolventi \u010cVUT\" \/>\n<meta property=\"article:modified_time\" content=\"2024-11-27T10:46:18+00:00\" \/>\n<meta name=\"twitter:card\" content=\"summary_large_image\" \/>\n<meta name=\"twitter:label1\" content=\"Odhadovan\u00e1 doba \u010dten\u00ed\" \/>\n\t<meta name=\"twitter:data1\" content=\"2 minuty\" \/>\n<script type=\"application\/ld+json\" class=\"yoast-schema-graph\">{\"@context\":\"https:\/\/schema.org\",\"@graph\":[{\"@type\":\"WebPage\",\"@id\":\"https:\/\/alumni.cvut.cz\/absolventi\/kariera\/\",\"url\":\"https:\/\/alumni.cvut.cz\/absolventi\/kariera\/\",\"name\":\"Kari\u00e9ra - Absolventi \u010cVUT\",\"isPartOf\":{\"@id\":\"https:\/\/alumni.cvut.cz\/absolventi\/#website\"},\"datePublished\":\"2023-11-13T19:46:21+00:00\",\"dateModified\":\"2024-11-27T10:46:18+00:00\",\"breadcrumb\":{\"@id\":\"https:\/\/alumni.cvut.cz\/absolventi\/kariera\/#breadcrumb\"},\"inLanguage\":\"cs\",\"potentialAction\":[{\"@type\":\"ReadAction\",\"target\":[\"https:\/\/alumni.cvut.cz\/absolventi\/kariera\/\"]}]},{\"@type\":\"BreadcrumbList\",\"@id\":\"https:\/\/alumni.cvut.cz\/absolventi\/kariera\/#breadcrumb\",\"itemListElement\":[{\"@type\":\"ListItem\",\"position\":1,\"name\":\"Home\",\"item\":\"https:\/\/alumni.cvut.cz\/absolventi\/\"},{\"@type\":\"ListItem\",\"position\":2,\"name\":\"Kari\u00e9ra\"}]},{\"@type\":\"WebSite\",\"@id\":\"https:\/\/alumni.cvut.cz\/absolventi\/#website\",\"url\":\"https:\/\/alumni.cvut.cz\/absolventi\/\",\"name\":\"Absolventi \u010cVUT\",\"description\":\"V\u00edtejte ve Spole\u010denstv\u00ed absolvent\u016f \u010cVUT.\",\"potentialAction\":[{\"@type\":\"SearchAction\",\"target\":{\"@type\":\"EntryPoint\",\"urlTemplate\":\"https:\/\/alumni.cvut.cz\/absolventi\/?s={search_term_string}\"},\"query-input\":\"required name=search_term_string\"}],\"inLanguage\":\"cs\"}]}<\/script>\n<!-- \/ Yoast SEO plugin. -->","yoast_head_json":{"title":"Kari\u00e9ra - Absolventi \u010cVUT","robots":{"index":"index","follow":"follow","max-snippet":"max-snippet:-1","max-image-preview":"max-image-preview:large","max-video-preview":"max-video-preview:-1"},"canonical":"https:\/\/alumni.cvut.cz\/absolventi\/kariera\/","og_locale":"cs_CZ","og_type":"article","og_title":"Kari\u00e9ra - Absolventi \u010cVUT","og_description":"Kari\u00e9raSlu\u017eby kari\u00e9rn\u00edho centraJako hrd\u00fd absolvent \u010cVUT v Praze m\u016f\u017eete vyu\u017e\u00edvat slu\u017eeb Kari\u00e9rn\u00edho centra \u010cVUT a\u017e t\u0159i roky po ukon\u010den\u00ed studia. Pat\u0159\u00ed sem tematick\u00e9 workshopy, p\u0159edn\u00e1\u0161ky, recenze \u017eivotopis\u016f a motiva\u010dn\u00edch dopis\u016f, specializovan\u00fd port\u00e1l pracovn\u00edch p\u0159\u00edle\u017eitost\u00ed a individu\u00e1ln\u00ed kou\u010dink [&hellip;]","og_url":"https:\/\/alumni.cvut.cz\/absolventi\/kariera\/","og_site_name":"Absolventi \u010cVUT","article_modified_time":"2024-11-27T10:46:18+00:00","twitter_card":"summary_large_image","twitter_misc":{"Odhadovan\u00e1 doba \u010dten\u00ed":"2 minuty"},"schema":{"@context":"https:\/\/schema.org","@graph":[{"@type":"WebPage","@id":"https:\/\/alumni.cvut.cz\/absolventi\/kariera\/","url":"https:\/\/alumni.cvut.cz\/absolventi\/kariera\/","name":"Kari\u00e9ra - Absolventi \u010cVUT","isPartOf":{"@id":"https:\/\/alumni.cvut.cz\/absolventi\/#website"},"datePublished":"2023-11-13T19:46:21+00:00","dateModified":"2024-11-27T10:46:18+00:00","breadcrumb":{"@id":"https:\/\/alumni.cvut.cz\/absolventi\/kariera\/#breadcrumb"},"inLanguage":"cs","potentialAction":[{"@type":"ReadAction","target":["https:\/\/alumni.cvut.cz\/absolventi\/kariera\/"]}]},{"@type":"BreadcrumbList","@id":"https:\/\/alumni.cvut.cz\/absolventi\/kariera\/#breadcrumb","itemListElement":[{"@type":"ListItem","position":1,"name":"Home","item":"https:\/\/alumni.cvut.cz\/absolventi\/"},{"@type":"ListItem","position":2,"name":"Kari\u00e9ra"}]},{"@type":"WebSite","@id":"https:\/\/alumni.cvut.cz\/absolventi\/#website","url":"https:\/\/alumni.cvut.cz\/absolventi\/","name":"Absolventi \u010cVUT","description":"V\u00edtejte ve Spole\u010denstv\u00ed absolvent\u016f \u010cVUT.","potentialAction":[{"@type":"SearchAction","target":{"@type":"EntryPoint","urlTemplate":"https:\/\/alumni.cvut.cz\/absolventi\/?s={search_term_string}"},"query-input":"required name=search_term_string"}],"inLanguage":"cs"}]}},"_links":{"self":[{"href":"https:\/\/alumni.cvut.cz\/absolventi\/wp-json\/wp\/v2\/pages\/1462"}],"collection":[{"href":"https:\/\/alumni.cvut.cz\/absolventi\/wp-json\/wp\/v2\/pages"}],"about":[{"href":"https:\/\/alumni.cvut.cz\/absolventi\/wp-json\/wp\/v2\/types\/page"}],"author":[{"embeddable":true,"href":"https:\/\/alumni.cvut.cz\/absolventi\/wp-json\/wp\/v2\/users\/1"}],"replies":[{"embeddable":true,"href":"https:\/\/alumni.cvut.cz\/absolventi\/wp-json\/wp\/v2\/comments?post=1462"}],"version-history":[{"count":13,"href":"https:\/\/alumni.cvut.cz\/absolventi\/wp-json\/wp\/v2\/pages\/1462\/revisions"}],"predecessor-version":[{"id":2821,"href":"https:\/\/alumni.cvut.cz\/absolventi\/wp-json\/wp\/v2\/pages\/1462\/revisions\/2821"}],"wp:attachment":[{"href":"https:\/\/alumni.cvut.cz\/absolventi\/wp-json\/wp\/v2\/media?parent=1462"}],"wp:term":[{"taxonomy":"dipi_cpt_category","embeddable":true,"href":"https:\/\/alumni.cvut.cz\/absolventi\/wp-json\/wp\/v2\/dipi_cpt_category?post=1462"}],"curies":[{"name":"wp","href":"https:\/\/api.w.org\/{rel}","templated":true}]}}