{"id":139,"date":"2023-08-05T19:09:37","date_gmt":"2023-08-05T19:09:37","guid":{"rendered":"https:\/\/alumni.cvut.cz\/absolventi\/?page_id=139"},"modified":"2026-02-03T09:24:40","modified_gmt":"2026-02-03T07:24:40","slug":"o-nas","status":"publish","type":"page","link":"https:\/\/alumni.cvut.cz\/absolventi\/o-nas\/","title":{"rendered":"O n\u00e1s"},"content":{"rendered":"<p>[et_pb_section fb_built=&#8220;1&#8243; _builder_version=&#8220;4.23.1&#8243; _module_preset=&#8220;default&#8220; background_image=&#8220;https:\/\/alumni.cvut.cz\/absolventi\/wp-content\/uploads\/sites\/2\/2023\/10\/20230425_114_CVUT-VIC-Ryszawy-1.jpg&#8220; height=&#8220;60vh&#8220; custom_padding=&#8220;0px||0px||false|false&#8220; global_colors_info=&#8220;{}&#8220;][et_pb_row _builder_version=&#8220;4.21.2&#8243; _module_preset=&#8220;default&#8220; background_color=&#8220;rgba(141,159,173,0.4)&#8220; width=&#8220;100%&#8220; max_width=&#8220;100%&#8220; height=&#8220;100%&#8220; custom_margin=&#8220;||||false|false&#8220; custom_padding=&#8220;||||false|false&#8220; custom_css_main_element=&#8220;backdrop-filter: blur(10.5px);||  display: flex;||  align-items: center; \/* Vertical centering *\/&#8220; global_colors_info=&#8220;{}&#8220;][et_pb_column type=&#8220;4_4&#8243; _builder_version=&#8220;4.21.2&#8243; _module_preset=&#8220;default&#8220; custom_padding=&#8220;||||false|false&#8220; global_colors_info=&#8220;{}&#8220;][et_pb_text _builder_version=&#8220;4.24.2&#8243; _module_preset=&#8220;default&#8220; header_text_color=&#8220;#FFFFFF&#8220; global_colors_info=&#8220;{}&#8220;]<\/p>\n<h1 style=\"text-align: center\">Klub Alumni  \u010cVUT<\/h1>\n<p>[\/et_pb_text][\/et_pb_column][\/et_pb_row][\/et_pb_section][et_pb_section fb_built=&#8220;1&#8243; _builder_version=&#8220;4.21.2&#8243; _module_preset=&#8220;default&#8220; custom_padding=&#8220;0px||0px||false|false&#8220; global_colors_info=&#8220;{}&#8220;][et_pb_row _builder_version=&#8220;4.21.2&#8243; _module_preset=&#8220;default&#8220; global_colors_info=&#8220;{}&#8220;][et_pb_column type=&#8220;4_4&#8243; _builder_version=&#8220;4.21.2&#8243; _module_preset=&#8220;default&#8220; global_colors_info=&#8220;{}&#8220;][dipi_breadcrumbs bc_custom_home=&#8220;on&#8220; bc_home_text=&#8220;\u00davod&#8220; bc_home_icon=&#8220;on&#8220; bc_home_size=&#8220;24px&#8220; bc_home_color=&#8220;#333333&#8243; bc_separator_icon=&#8220;&#x35;||divi||400&#8243; bc_is_post_type_root=&#8220;on&#8220; bc_schema=&#8220;off&#8220; bc_separator_size=&#8220;36px&#8220; bc_separator_color=&#8220;#0065BD&#8220; bc_separator_space=&#8220;0px&#8220; _builder_version=&#8220;4.24.2&#8243; _module_preset=&#8220;default&#8220; items_text_color=&#8220;#333333&#8243; items_font_size=&#8220;25px&#8220; active_font=&#8220;Technika||||||||&#8220; active_text_color=&#8220;#0065BD&#8220; global_colors_info=&#8220;{}&#8220;][\/dipi_breadcrumbs][\/et_pb_column][\/et_pb_row][\/et_pb_section][et_pb_section fb_built=&#8220;1&#8243; _builder_version=&#8220;4.21.2&#8243; _module_preset=&#8220;default&#8220; custom_padding=&#8220;0px||0px|||&#8220; global_colors_info=&#8220;{}&#8220;][et_pb_row _builder_version=&#8220;4.21.2&#8243; _module_preset=&#8220;default&#8220; custom_padding=&#8220;||0px|||&#8220; global_colors_info=&#8220;{}&#8220;][et_pb_column type=&#8220;4_4&#8243; _builder_version=&#8220;4.21.2&#8243; _module_preset=&#8220;default&#8220; global_colors_info=&#8220;{}&#8220;][et_pb_text content_tablet=&#8220;<\/p>\n<h2>Co je Alumni \u010cVUT klub?<\/h2>\n<p>&#8220; content_phone=&#8220;<\/p>\n<h2>What is the Alumni Club?<\/h2>\n<p>&#8220; content_last_edited=&#8220;on|desktop&#8220; _builder_version=&#8220;4.24.2&#8243; _module_preset=&#8220;default&#8220; global_colors_info=&#8220;{}&#8220;]<\/p>\n<h2>Co je Alumni \u010cVUT klub?<\/h2>\n<p>[\/et_pb_text][\/et_pb_column][\/et_pb_row][\/et_pb_section][et_pb_section fb_built=&#8220;1&#8243; specialty=&#8220;on&#8220; disabled_on=&#8220;on|on|off&#8220; _builder_version=&#8220;4.21.2&#8243; _module_preset=&#8220;default&#8220; custom_padding=&#8220;0px|||||&#8220; global_colors_info=&#8220;{}&#8220;][et_pb_column type=&#8220;1_2&#8243; specialty_columns=&#8220;2&#8243; _builder_version=&#8220;4.16&#8243; custom_padding=&#8220;|||&#8220; global_colors_info=&#8220;{}&#8220; custom_padding__hover=&#8220;|||&#8220;][et_pb_row_inner _builder_version=&#8220;4.21.2&#8243; _module_preset=&#8220;default&#8220; global_colors_info=&#8220;{}&#8220;][et_pb_column_inner saved_specialty_column_type=&#8220;1_2&#8243; _builder_version=&#8220;4.21.2&#8243; _module_preset=&#8220;default&#8220; global_colors_info=&#8220;{}&#8220;][et_pb_text _builder_version=&#8220;4.24.2&#8243; _module_preset=&#8220;default&#8220; global_colors_info=&#8220;{}&#8220;]<\/p>\n<p>V\u00edtejte na str\u00e1nk\u00e1ch absolvent\u016f \u010cesk\u00e9ho vysok\u00e9ho u\u010den\u00ed technick\u00e9ho v\u00a0Praze. ALUMNI \u010cVUT sdru\u017euje absolventy v\u0161ech vzd\u011bl\u00e1vac\u00edch sou\u010d\u00e1st\u00ed \u010cVUT \u2013 fakult i \u00fastav\u016f. Nez\u00e1le\u017e\u00ed na tom, zda jste absolvovali ned\u00e1vno, nebo je to u\u017e n\u011bjak\u00fd \u010das. Tato str\u00e1nka pat\u0159\u00ed v\u00e1m v\u0161em \u2013 a\u0165 u\u017e na\u0161imi \u010dleny jste, nebo o\u00a0\u010dlenstv\u00ed teprve uva\u017eujete.<\/p>\n<p>\u010clenstv\u00ed v ALUMNI v\u00e1m otev\u00edr\u00e1 dve\u0159e k v\u00fdhod\u00e1m a akc\u00edm \u2013 v\u00edce se dozv\u00edte v\u00a0z\u00e1lo\u017ece Benefity a slevy. Hlavn\u011b v\u0161ak m\u00e1te jako \u010dlen ALUMNI mo\u017enost znovu se propojit s b\u00fdval\u00fdmi spolu\u017e\u00e1ky a profesory, nav\u00e1zat nov\u00e9 kontakty, sd\u00edlet sv\u00e9 zku\u0161enosti, nad\u00e1le se vzd\u011bl\u00e1vat, inspirovat dal\u0161\u00ed absolventy a\u00a0v\u00a0neposledn\u00ed \u0159ad\u011b pom\u00e1hat budovat dobr\u00e9 jm\u00e9no na\u0161\u00ed univerzity. <\/p>\n<p>Sd\u00edlejme spole\u010dn\u011b hrdost na na\u0161i alma mater, na \u010cVUT!<\/p>\n<p>[\/et_pb_text][\/et_pb_column_inner][\/et_pb_row_inner][et_pb_row_inner _builder_version=&#8220;4.21.2&#8243; _module_preset=&#8220;default&#8220; custom_padding=&#8220;0px||0px||false|false&#8220; global_colors_info=&#8220;{}&#8220;][et_pb_column_inner saved_specialty_column_type=&#8220;1_2&#8243; _builder_version=&#8220;4.21.2&#8243; _module_preset=&#8220;default&#8220; global_colors_info=&#8220;{}&#8220;][dipi_button_grid flex_direction=&#8220;row&#8220; justify_content=&#8220;flex-start&#8220; align_items=&#8220;flex-start&#8220; _builder_version=&#8220;4.24.2&#8243; _module_preset=&#8220;default&#8220; global_colors_info=&#8220;{}&#8220; button_grid_text_color__hover_enabled=&#8220;on|hover&#8220;][dipi_button_grid_child button_text=&#8220;Jsem absolvent&#8220; button_link=&#8220;@ET-DC@eyJkeW5hbWljIjp0cnVlLCJjb250ZW50IjoicG9zdF9saW5rX3VybF9wYWdlIiwic2V0dGluZ3MiOnsicG9zdF9pZCI6IjEzODgiLCJlbmFibGVfaHRtbCI6Im9mZiJ9fQ==@&#8220; _builder_version=&#8220;4.24.2&#8243; _dynamic_attributes=&#8220;button_link&#8220; _module_preset=&#8220;default&#8220; custom_button=&#8220;on&#8220; button_text_color=&#8220;#FFFFFF&#8220; button_bg_color=&#8220;#0065BD&#8220; button_border_color=&#8220;#FFFFFF&#8220; button_use_icon=&#8220;off&#8220; global_colors_info=&#8220;{}&#8220; button_bg_color__hover_enabled=&#8220;on|hover&#8220; button_bg_color__hover=&#8220;#FFFFFF&#8220; button_bg_enable_color__hover=&#8220;on&#8220; button_text_color__hover_enabled=&#8220;on|hover&#8220; button_text_color__hover=&#8220;#0065BD&#8220; button_border_color__hover_enabled=&#8220;on|hover&#8220; button_border_color__hover=&#8220;#0065BD&#8220;][\/dipi_button_grid_child][dipi_button_grid_child button_text=&#8220;Jsem student&#8220; button_link=&#8220;@ET-DC@eyJkeW5hbWljIjp0cnVlLCJjb250ZW50IjoicG9zdF9saW5rX3VybF9wYWdlIiwic2V0dGluZ3MiOnsicG9zdF9pZCI6IjgxOSIsImVuYWJsZV9odG1sIjoib2ZmIn19@&#8220; _builder_version=&#8220;4.24.2&#8243; _dynamic_attributes=&#8220;button_link&#8220; _module_preset=&#8220;default&#8220; custom_button=&#8220;on&#8220; button_text_color=&#8220;#0065BD&#8220; button_bg_color=&#8220;#FFFFFF&#8220; global_colors_info=&#8220;{}&#8220; button_text_color__hover_enabled=&#8220;on|hover&#8220; button_text_color__hover=&#8220;#FFFFFF&#8220; button_bg_color__hover_enabled=&#8220;on|desktop&#8220; button_bg_color__hover=&#8220;#E05206&#8243; button_bg_enable_color__hover=&#8220;on&#8220;][\/dipi_button_grid_child][\/dipi_button_grid][\/et_pb_column_inner][\/et_pb_row_inner][\/et_pb_column][et_pb_column type=&#8220;1_2&#8243; _builder_version=&#8220;4.16&#8243; custom_padding=&#8220;|||&#8220; global_colors_info=&#8220;{}&#8220; custom_padding__hover=&#8220;|||&#8220;][et_pb_image src=&#8220;https:\/\/alumni.cvut.cz\/absolventi\/wp-content\/uploads\/sites\/2\/2023\/10\/3951f06111499800a1d2ba17124b4c67-scaled.jpeg&#8220; title_text=&#8220;3951f06111499800a1d2ba17124b4c67&#8243; _builder_version=&#8220;4.21.2&#8243; _module_preset=&#8220;default&#8220; border_radii=&#8220;on|10px|10px|10px|10px&#8220; box_shadow_style=&#8220;preset2&#8243; box_shadow_vertical=&#8220;2px&#8220; box_shadow_blur=&#8220;9px&#8220; box_shadow_spread=&#8220;-3px&#8220; global_colors_info=&#8220;{}&#8220;][\/et_pb_image][\/et_pb_column][\/et_pb_section][et_pb_section fb_built=&#8220;1&#8243; disabled_on=&#8220;off|off|on&#8220; _builder_version=&#8220;4.21.2&#8243; _module_preset=&#8220;default&#8220; custom_padding=&#8220;0px|||||&#8220; global_colors_info=&#8220;{}&#8220;][et_pb_row disabled_on=&#8220;off|off|off&#8220; _builder_version=&#8220;4.21.2&#8243; _module_preset=&#8220;default&#8220; global_colors_info=&#8220;{}&#8220;][et_pb_column type=&#8220;4_4&#8243; _builder_version=&#8220;4.21.2&#8243; _module_preset=&#8220;default&#8220; global_colors_info=&#8220;{}&#8220;][et_pb_image src=&#8220;https:\/\/alumni.cvut.cz\/absolventi\/wp-content\/uploads\/sites\/2\/2023\/10\/3951f06111499800a1d2ba17124b4c67-scaled.jpeg&#8220; title_text=&#8220;3951f06111499800a1d2ba17124b4c67&#8243; _builder_version=&#8220;4.21.2&#8243; _module_preset=&#8220;default&#8220; border_radii=&#8220;on|10px|10px|10px|10px&#8220; box_shadow_style=&#8220;preset2&#8243; box_shadow_vertical=&#8220;2px&#8220; box_shadow_blur=&#8220;9px&#8220; box_shadow_spread=&#8220;-3px&#8220; global_colors_info=&#8220;{}&#8220;][\/et_pb_image][et_pb_text _builder_version=&#8220;4.24.2&#8243; _module_preset=&#8220;default&#8220; global_colors_info=&#8220;{}&#8220;]V\u00edtejte na str\u00e1nk\u00e1ch absolvent\u016f \u010cesk\u00e9ho vysok\u00e9ho u\u010den\u00ed technick\u00e9ho v Praze. ALUMNI \u010cVUT sdru\u017euje absolventy v\u0161ech vzd\u011bl\u00e1vac\u00edch sou\u010d\u00e1st\u00ed \u010cVUT \u2013 fakult i\u00a0\u00fastav\u016f. Nez\u00e1le\u017e\u00ed na tom, zda jste absolvovali ned\u00e1vno, nebo je to u\u017e n\u011bjak\u00fd \u010das. Tato str\u00e1nka pat\u0159\u00ed v\u00e1m v\u0161em \u2013 a\u0165 u\u017e na\u0161imi \u010dleny jste, nebo o \u010dlenstv\u00ed teprve uva\u017eujete.<\/p>\n<p>\u010clenstv\u00ed v ALUMNI v\u00e1m otev\u00edr\u00e1 dve\u0159e k v\u00fdhod\u00e1m a akc\u00edm \u2013 v\u00edce se dozv\u00edte v z\u00e1lo\u017ece Benefity a slevy. Hlavn\u011b v\u0161ak m\u00e1te jako \u010dlen ALUMNI mo\u017enost znovu se propojit s b\u00fdval\u00fdmi spolu\u017e\u00e1ky a profesory, nav\u00e1zat nov\u00e9 kontakty, sd\u00edlet sv\u00e9 zku\u0161enosti, nad\u00e1le se vzd\u011bl\u00e1vat, inspirovat dal\u0161\u00ed absolventy a v neposledn\u00ed \u0159ad\u011b pom\u00e1hat budovat dobr\u00e9 jm\u00e9no na\u0161\u00ed univerzity.<\/p>\n<p>Sd\u00edlejme spole\u010dn\u011b hrdost na na\u0161i alma mater, na \u010cVUT![\/et_pb_text][\/et_pb_column][\/et_pb_row][et_pb_row _builder_version=&#8220;4.23.1&#8243; _module_preset=&#8220;default&#8220; custom_padding=&#8220;0px||0px||false|false&#8220; global_colors_info=&#8220;{}&#8220;][et_pb_column type=&#8220;4_4&#8243; _builder_version=&#8220;4.21.2&#8243; _module_preset=&#8220;default&#8220; custom_css_main_element=&#8220;    display: flex;||    justify-content: center;||&#8220; global_colors_info=&#8220;{}&#8220;][dipi_button_grid flex_direction=&#8220;row&#8220; align_items=&#8220;center&#8220; _builder_version=&#8220;4.24.2&#8243; _module_preset=&#8220;default&#8220; button_grid_text_size_tablet=&#8220;&#8220; button_grid_text_size_phone=&#8220;&#8220; button_grid_text_size_last_edited=&#8220;on|phone&#8220; global_colors_info=&#8220;{}&#8220; button_grid_text_color__hover_enabled=&#8220;on|hover&#8220;][dipi_button_grid_child button_text=&#8220;Jsem absolvent&#8220; button_link=&#8220;@ET-DC@eyJkeW5hbWljIjp0cnVlLCJjb250ZW50IjoicG9zdF9saW5rX3VybF9wYWdlIiwic2V0dGluZ3MiOnsicG9zdF9pZCI6IjEzODgiLCJlbmFibGVfaHRtbCI6Im9mZiJ9fQ==@&#8220; _builder_version=&#8220;4.24.2&#8243; _dynamic_attributes=&#8220;button_link&#8220; _module_preset=&#8220;default&#8220; custom_button=&#8220;on&#8220; button_text_color=&#8220;#FFFFFF&#8220; button_bg_color=&#8220;#0065BD&#8220; button_border_color=&#8220;#FFFFFF&#8220; button_use_icon=&#8220;off&#8220; global_colors_info=&#8220;{}&#8220; button_bg_color__hover_enabled=&#8220;on|hover&#8220; button_bg_color__hover=&#8220;#FFFFFF&#8220; button_bg_enable_color__hover=&#8220;on&#8220; button_text_color__hover_enabled=&#8220;on|hover&#8220; button_text_color__hover=&#8220;#0065BD&#8220; button_border_color__hover_enabled=&#8220;on|hover&#8220; button_border_color__hover=&#8220;#0065BD&#8220;][\/dipi_button_grid_child][dipi_button_grid_child button_text=&#8220;Jsem student&#8220; button_link=&#8220;@ET-DC@eyJkeW5hbWljIjp0cnVlLCJjb250ZW50IjoicG9zdF9saW5rX3VybF9wYWdlIiwic2V0dGluZ3MiOnsicG9zdF9pZCI6IjgxOSIsImVuYWJsZV9odG1sIjoib2ZmIn19@&#8220; _builder_version=&#8220;4.24.2&#8243; _dynamic_attributes=&#8220;button_link&#8220; _module_preset=&#8220;default&#8220; custom_button=&#8220;on&#8220; button_text_color=&#8220;#0065BD&#8220; button_bg_color=&#8220;#FFFFFF&#8220; global_colors_info=&#8220;{}&#8220; button_text_color__hover_enabled=&#8220;on|hover&#8220; button_text_color__hover=&#8220;#FFFFFF&#8220; button_bg_color__hover_enabled=&#8220;on|desktop&#8220; button_bg_color__hover=&#8220;#E05206&#8243; button_bg_enable_color__hover=&#8220;on&#8220;][\/dipi_button_grid_child][\/dipi_button_grid][\/et_pb_column][\/et_pb_row][\/et_pb_section][et_pb_section fb_built=&#8220;1&#8243; disabled_on=&#8220;on|on|off&#8220; _builder_version=&#8220;4.21.2&#8243; _module_preset=&#8220;default&#8220; background_enable_image=&#8220;off&#8220; background_size=&#8220;custom&#8220; background_image_width=&#8220;33%&#8220; background_position=&#8220;top_left&#8220; background_horizontal_offset=&#8220;-2%&#8220; background_vertical_offset=&#8220;47%&#8220; module_alignment=&#8220;right&#8220; global_colors_info=&#8220;{}&#8220;][et_pb_row column_structure=&#8220;1_3,2_3&#8243; make_equal=&#8220;on&#8220; _builder_version=&#8220;4.21.2&#8243; _module_preset=&#8220;default&#8220; background_color=&#8220;#E05206&#8243; width=&#8220;100%&#8220; max_width=&#8220;100%&#8220; custom_padding=&#8220;0px|||||&#8220; global_colors_info=&#8220;{}&#8220;][et_pb_column type=&#8220;1_3&#8243; _builder_version=&#8220;4.21.2&#8243; _module_preset=&#8220;default&#8220; background_image=&#8220;https:\/\/alumni.cvut.cz\/absolventi\/wp-content\/uploads\/sites\/2\/2023\/10\/3951f06111499800a1d2ba17124b4c67-scaled.jpeg&#8220; transform_scale=&#8220;110%|110%&#8220; transform_translate=&#8220;-10px|20px&#8220; transform_translate_linked=&#8220;off&#8220; custom_padding=&#8220;||||true|false&#8220; custom_css_main_element=&#8220;display: flex;||justify-content: center;||align-items: center;&#8220; border_radii=&#8220;on|10px|10px|10px|10px&#8220; box_shadow_style=&#8220;preset2&#8243; box_shadow_blur=&#8220;6px&#8220; box_shadow_spread=&#8220;-3px&#8220; global_colors_info=&#8220;{}&#8220;][\/et_pb_column][et_pb_column type=&#8220;2_3&#8243; _builder_version=&#8220;4.21.2&#8243; _module_preset=&#8220;default&#8220; custom_padding=&#8220;|10%|||false|false&#8220; global_colors_info=&#8220;{}&#8220;][et_pb_text _builder_version=&#8220;4.21.2&#8243; _module_preset=&#8220;default&#8220; background_layout=&#8220;dark&#8220; custom_padding=&#8220;60px||||false|false&#8220; global_colors_info=&#8220;{}&#8220;]<\/p>\n<h2>Slovo rektora Michala P\u011bchou\u010dka<\/h2>\n<p>[\/et_pb_text][et_pb_text _builder_version=&#8220;4.24.2&#8243; _module_preset=&#8220;default&#8220; background_layout=&#8220;dark&#8220; custom_padding=&#8220;||30px||false|false&#8220; global_colors_info=&#8220;{}&#8220;]<\/p>\n<p>Jako vysoko\u0161kolsk\u00e1 instituce se sna\u017e\u00edme vytv\u00e1\u0159et prost\u0159ed\u00ed, kter\u00e9 podporuje rozmanitost, inkluzivitu a glob\u00e1ln\u00ed perspektivu.<\/p>\n<p>Na\u0161i mezin\u00e1rodn\u00ed absolventi hraj\u00ed z\u00e1sadn\u00ed roli p\u0159i dosahov\u00e1n\u00ed t\u011bchto c\u00edl\u016f t\u00edm, \u017ee slou\u017e\u00ed jako velvyslanci na\u0161\u00ed univerzity po cel\u00e9m sv\u011bt\u011b. P\u0159edstavuj\u00ed bohatou kulturn\u00ed tapiserii, kter\u00e1 definuje na\u0161i instituci, ukazuj\u00ed hodnotu mezin\u00e1rodn\u00edho vzd\u011bl\u00e1v\u00e1n\u00ed a propaguj\u00ed na\u0161i akademickou excelenci na glob\u00e1ln\u00ed sc\u00e9n\u011b. Na\u0161i zahrani\u010dn\u00ed absolventi p\u0159in\u00e1\u0161ej\u00ed bohat\u00e9 zku\u0161enosti, post\u0159ehy a perspektivy.<\/p>\n<p><span>Jako univerzita jsme velmi hrd\u00ed na \u00fasp\u011bchy na\u0161ich zahrani\u010dn\u00edch absolvent\u016f. Jejich \u00fasp\u011bchy jsou d\u016fkazem kvality vzd\u011bl\u00e1v\u00e1n\u00ed a transforma\u010dn\u00edch zku\u0161enost\u00ed, kter\u00e9 poskytujeme. Oslavujeme jejich \u00fasp\u011bchy, a\u0165 u\u017e se jedn\u00e1 o pr\u016fkopnick\u00fd v\u00fdzkum, vlivnou komunitn\u00ed pr\u00e1ci nebo v\u00fdznamn\u00fd p\u0159\u00ednos v jejich oborech.<\/span><\/p>\n<p>V\u0161em na\u0161im zahrani\u010dn\u00edm absolvent\u016fm vyjad\u0159uji sv\u016fj hlubok\u00fd d\u00edk za va\u0161i trvalou podporu a oddanost na\u0161\u00ed univerzit\u011b.<\/p>\n<p>V\u00e1\u0161 z\u00e1vazek k dokonalosti a va\u0161e glob\u00e1ln\u00ed perspektiva n\u00e1s v\u0161echny inspiruj\u00ed. Vyz\u00fdv\u00e1m v\u00e1s, abyste z\u016fstali ve spojen\u00ed s na\u0161\u00ed univerzitou, pod\u011blili se o sv\u00e9 zku\u0161enosti a p\u0159isp\u011bli k r\u016fstu a rozvoji na\u0161ich sou\u010dasn\u00fdch i budouc\u00edch student\u016f.<\/p>\n<p>[\/et_pb_text][\/et_pb_column][\/et_pb_row][\/et_pb_section][et_pb_section fb_built=&#8220;1&#8243; custom_padding_last_edited=&#8220;on|desktop&#8220; disabled_on=&#8220;off|off|on&#8220; _builder_version=&#8220;4.23.1&#8243; _module_preset=&#8220;default&#8220; background_color=&#8220;#E05206&#8243; custom_padding=&#8220;0px|||||&#8220; custom_padding_tablet=&#8220;||0px||false|false&#8220; custom_padding_phone=&#8220;||0px||false|false&#8220; global_colors_info=&#8220;{}&#8220;][et_pb_row disabled_on=&#8220;off|off|on&#8220; _builder_version=&#8220;4.21.2&#8243; _module_preset=&#8220;default&#8220; global_colors_info=&#8220;{}&#8220;][et_pb_column type=&#8220;4_4&#8243; _builder_version=&#8220;4.21.2&#8243; _module_preset=&#8220;default&#8220; global_colors_info=&#8220;{}&#8220;][et_pb_text _builder_version=&#8220;4.21.2&#8243; _module_preset=&#8220;default&#8220; background_layout=&#8220;dark&#8220; custom_padding=&#8220;60px||||false|false&#8220; global_colors_info=&#8220;{}&#8220;]<\/p>\n<h2 style=\"text-align: center\">Slovo rektora Vojt\u011bcha Petr\u00e1\u010dka<\/h2>\n<p>[\/et_pb_text][et_pb_image src=&#8220;https:\/\/alumni.cvut.cz\/absolventi\/wp-content\/uploads\/sites\/2\/2023\/10\/3951f06111499800a1d2ba17124b4c67-scaled.jpeg&#8220; title_text=&#8220;3951f06111499800a1d2ba17124b4c67&#8243; _builder_version=&#8220;4.21.2&#8243; _module_preset=&#8220;default&#8220; border_radii=&#8220;on|10px|10px|10px|10px&#8220; box_shadow_style=&#8220;preset2&#8243; box_shadow_vertical=&#8220;2px&#8220; box_shadow_blur=&#8220;9px&#8220; box_shadow_spread=&#8220;-3px&#8220; global_colors_info=&#8220;{}&#8220;][\/et_pb_image][et_pb_text _builder_version=&#8220;4.23.1&#8243; _module_preset=&#8220;default&#8220; background_layout=&#8220;dark&#8220; custom_padding=&#8220;||30px||false|false&#8220; global_colors_info=&#8220;{}&#8220;]<\/p>\n<p>Jako vysoko\u0161kolsk\u00e1 instituce se sna\u017e\u00edme vytv\u00e1\u0159et prost\u0159ed\u00ed, kter\u00e9 podporuje rozmanitost, inkluzivitu a glob\u00e1ln\u00ed perspektivu.<\/p>\n<p>Na\u0161i mezin\u00e1rodn\u00ed absolventi hraj\u00ed z\u00e1sadn\u00ed roli p\u0159i dosahov\u00e1n\u00ed t\u011bchto c\u00edl\u016f t\u00edm, \u017ee slou\u017e\u00ed jako velvyslanci na\u0161\u00ed univerzity po cel\u00e9m sv\u011bt\u011b. P\u0159edstavuj\u00ed bohatou kulturn\u00ed tapiserii, kter\u00e1 definuje na\u0161i instituci, ukazuj\u00ed hodnotu mezin\u00e1rodn\u00edho vzd\u011bl\u00e1v\u00e1n\u00ed a propaguj\u00ed na\u0161i akademickou excelenci na glob\u00e1ln\u00ed sc\u00e9n\u011b. Na\u0161i zahrani\u010dn\u00ed absolventi p\u0159in\u00e1\u0161ej\u00ed bohat\u00e9 zku\u0161enosti, post\u0159ehy a perspektivy.<\/p>\n<p>Jako univerzita jsme velmi hrd\u00ed na \u00fasp\u011bchy na\u0161ich zahrani\u010dn\u00edch absolvent\u016f. Jejich \u00fasp\u011bchy jsou d\u016fkazem kvality vzd\u011bl\u00e1v\u00e1n\u00ed a transforma\u010dn\u00edch zku\u0161enost\u00ed, kter\u00e9 poskytujeme. Oslavujeme jejich \u00fasp\u011bchy, a\u0165 u\u017e se jedn\u00e1 o pr\u016fkopnick\u00fd v\u00fdzkum, vlivnou komunitn\u00ed pr\u00e1ci nebo v\u00fdznamn\u00fd p\u0159\u00ednos v jejich oborech.<\/p>\n<p>V\u0161em na\u0161im zahrani\u010dn\u00edm absolvent\u016fm vyjad\u0159uji sv\u016fj hlubok\u00fd d\u00edk za va\u0161i trvalou podporu a oddanost na\u0161\u00ed univerzit\u011b.<\/p>\n<p>V\u00e1\u0161 z\u00e1vazek k dokonalosti a va\u0161e glob\u00e1ln\u00ed perspektiva n\u00e1s v\u0161echny inspiruj\u00ed. Vyz\u00fdv\u00e1m v\u00e1s, abyste z\u016fstali ve spojen\u00ed s na\u0161\u00ed univerzitou, pod\u011blili se o sv\u00e9 zku\u0161enosti a p\u0159isp\u011bli k r\u016fstu a rozvoji na\u0161ich sou\u010dasn\u00fdch i budouc\u00edch student\u016f.<\/p>\n<p>[\/et_pb_text][\/et_pb_column][\/et_pb_row][\/et_pb_section][et_pb_section fb_built=&#8220;1&#8243; _builder_version=&#8220;4.21.2&#8243; _module_preset=&#8220;default&#8220; background_color_tablet=&#8220;#0065BD&#8220; background_last_edited=&#8220;on|desktop&#8220; background_enable_color_tablet=&#8220;on&#8220; global_colors_info=&#8220;{}&#8220;][et_pb_row custom_padding_last_edited=&#8220;on|tablet&#8220; _builder_version=&#8220;4.24.2&#8243; _module_preset=&#8220;default&#8220; background_color=&#8220;#0065BD&#8220; custom_padding=&#8220;70px|50px||50px|false|true&#8220; custom_padding_tablet=&#8220;0px|25px|0px|25px|false|true&#8220; custom_padding_phone=&#8220;0px|25px|0px|25px|false|true&#8220; border_radii=&#8220;off|10px|10px||&#8220; global_colors_info=&#8220;{}&#8220;][et_pb_column type=&#8220;4_4&#8243; _builder_version=&#8220;4.21.2&#8243; _module_preset=&#8220;default&#8220; global_colors_info=&#8220;{}&#8220;][et_pb_text _builder_version=&#8220;4.23.1&#8243; _module_preset=&#8220;default&#8220; background_layout=&#8220;dark&#8220; global_colors_info=&#8220;{}&#8220;]<\/p>\n<h2 style=\"text-align: center\">Definov\u00e1n\u00ed na\u0161eho \u00fa\u010delu: Posl\u00e1n\u00ed absolvent\u016f \u010cVUT<\/h2>\n<p>[\/et_pb_text][\/et_pb_column][\/et_pb_row][et_pb_row column_structure=&#8220;1_2,1_2&#8243; use_custom_gutter=&#8220;on&#8220; gutter_width=&#8220;2&#8243; make_equal=&#8220;on&#8220; custom_padding_last_edited=&#8220;on|desktop&#8220; _builder_version=&#8220;4.21.2&#8243; _module_preset=&#8220;default&#8220; background_color=&#8220;#0065BD&#8220; custom_padding=&#8220;20px|50px|20px|50px|false|false&#8220; custom_padding_tablet=&#8220;||10px||false|false&#8220; custom_padding_phone=&#8220;|20px||20px|false|true&#8220; global_colors_info=&#8220;{}&#8220;][et_pb_column type=&#8220;1_2&#8243; _builder_version=&#8220;4.21.2&#8243; _module_preset=&#8220;default&#8220; use_background_color_gradient=&#8220;on&#8220; background_color_gradient_direction=&#8220;90deg&#8220; background_color_gradient_stops=&#8220;#6aade4 0%|rgba(255,255,255,0) 100%&#8220; custom_padding=&#8220;30px|50px|30px|50px|true|true&#8220; custom_padding_tablet=&#8220;30px|50px|30px|50px|true|true&#8220; custom_padding_phone=&#8220;|15px||15px|true|true&#8220; custom_padding_last_edited=&#8220;on|phone&#8220; border_radii=&#8220;on|10px|10px|10px|10px&#8220; border_width_all=&#8220;1px&#8220; border_color_all=&#8220;#FFFFFF&#8220; global_colors_info=&#8220;{}&#8220;][et_pb_text _builder_version=&#8220;4.21.2&#8243; _module_preset=&#8220;default&#8220; background_layout=&#8220;dark&#8220; custom_margin=&#8220;||14px|||&#8220; global_colors_info=&#8220;{}&#8220;]<\/p>\n<h4>Porozum\u011bn\u00ed pot\u0159eb\u00e1m absolvent\u016f<\/h4>\n<p>[\/et_pb_text][et_pb_text _builder_version=&#8220;4.24.2&#8243; _module_preset=&#8220;default&#8220; background_layout=&#8220;dark&#8220; global_colors_info=&#8220;{}&#8220;]Kl\u00ed\u010dem k prosperuj\u00edc\u00edmu klubu absolvent\u016f je pochopen\u00ed pot\u0159eb a z\u00e1jm\u016f jeho \u010dlen\u016f. Pomoc\u00ed n\u00e1stroj\u016f, jako jsou pr\u016fzkumy a zp\u011btn\u00e1 vazba, m\u016f\u017eeme rozpoznat o\u010dek\u00e1v\u00e1n\u00ed na\u0161ich absolvent\u016f, co\u017e n\u00e1m umo\u017en\u00ed p\u0159izp\u016fsobit na\u0161e akce a\u00a0aktivity tak, aby v\u00e1m poskytly co nejv\u00edce v\u00fdhod.[\/et_pb_text][\/et_pb_column][et_pb_column type=&#8220;1_2&#8243; _builder_version=&#8220;4.21.2&#8243; _module_preset=&#8220;default&#8220; use_background_color_gradient=&#8220;on&#8220; background_color_gradient_direction=&#8220;90deg&#8220; background_color_gradient_stops=&#8220;#6aade4 0%|rgba(255,255,255,0) 100%&#8220; custom_padding=&#8220;30px|50px|30px|50px|true|true&#8220; custom_padding_tablet=&#8220;30px|50px|30px|50px|true|true&#8220; custom_padding_phone=&#8220;|15px||15px|true|true&#8220; custom_padding_last_edited=&#8220;on|phone&#8220; border_radii=&#8220;on|10px|10px|10px|10px&#8220; border_width_all=&#8220;1px&#8220; border_color_all=&#8220;#FFFFFF&#8220; global_colors_info=&#8220;{}&#8220;][et_pb_text _builder_version=&#8220;4.21.2&#8243; _module_preset=&#8220;default&#8220; background_layout=&#8220;dark&#8220; custom_margin=&#8220;||14px|||&#8220; global_colors_info=&#8220;{}&#8220;]<\/p>\n<h4>Poskytov\u00e1n\u00ed hodnotn\u00fdch z\u00e1\u017eitk\u016f<\/h4>\n<p>[\/et_pb_text][et_pb_text _builder_version=&#8220;4.24.2&#8243; _module_preset=&#8220;default&#8220; background_layout=&#8220;dark&#8220; global_colors_info=&#8220;{}&#8220;]Klub absolvent\u016f \u010cVUT nab\u00edz\u00ed sv\u00fdm \u010dlen\u016fm v\u00fdznamnou hodnotu. Zprost\u0159edkov\u00e1v\u00e1me mo\u017enosti navazov\u00e1n\u00ed kontakt\u016f, nab\u00eddky pracovn\u00edch m\u00edst, akce zam\u011b\u0159en\u00e9 na profesn\u00ed rozvoj a\u00a0privilegovan\u00fd p\u0159\u00edstup ke zdroj\u016fm \u010cVUT.[\/et_pb_text][\/et_pb_column][\/et_pb_row][et_pb_row column_structure=&#8220;1_2,1_2&#8243; use_custom_gutter=&#8220;on&#8220; gutter_width=&#8220;2&#8243; make_equal=&#8220;on&#8220; custom_padding_last_edited=&#8220;on|phone&#8220; _builder_version=&#8220;4.21.2&#8243; _module_preset=&#8220;default&#8220; background_color=&#8220;#0065BD&#8220; custom_padding=&#8220;20px|50px|20px|50px|false|false&#8220; custom_padding_tablet=&#8220;||10px||false|false&#8220; custom_padding_phone=&#8220;|20px||20px|false|true&#8220; global_colors_info=&#8220;{}&#8220;][et_pb_column type=&#8220;1_2&#8243; _builder_version=&#8220;4.21.2&#8243; _module_preset=&#8220;default&#8220; use_background_color_gradient=&#8220;on&#8220; background_color_gradient_direction=&#8220;90deg&#8220; background_color_gradient_stops=&#8220;#6aade4 0%|rgba(255,255,255,0) 100%&#8220; custom_padding=&#8220;30px|50px|30px|50px|true|true&#8220; custom_padding_tablet=&#8220;30px|50px|30px|50px|true|true&#8220; custom_padding_phone=&#8220;|15px||15px|true|true&#8220; custom_padding_last_edited=&#8220;on|phone&#8220; border_radii=&#8220;on|10px|10px|10px|10px&#8220; border_width_all=&#8220;1px&#8220; border_color_all=&#8220;#FFFFFF&#8220; global_colors_info=&#8220;{}&#8220;][et_pb_text _builder_version=&#8220;4.21.2&#8243; _module_preset=&#8220;default&#8220; background_layout=&#8220;dark&#8220; custom_margin=&#8220;||14px|||&#8220; global_colors_info=&#8220;{}&#8220;]<\/p>\n<h4>P\u0159edstaven\u00ed excelence \u010cVUT<\/h4>\n<p>[\/et_pb_text][et_pb_text _builder_version=&#8220;4.24.2&#8243; _module_preset=&#8220;default&#8220; background_layout=&#8220;dark&#8220; global_colors_info=&#8220;{}&#8220;]Klub je d\u016fkazem siln\u00fdch str\u00e1nek \u010cVUT a zd\u016fraz\u0148uje v\u00fdhody pro absolventy. Jako jedna z p\u0159edn\u00edch technick\u00fdch univerzit v\u00a0\u010cesk\u00e9 republice, proslul\u00e1 sv\u00fdm v\u00fdzkumem a inovacemi, p\u0159itahuje a zapojuje i dosud neaktivn\u00ed absolventy.[\/et_pb_text][\/et_pb_column][et_pb_column type=&#8220;1_2&#8243; _builder_version=&#8220;4.21.2&#8243; _module_preset=&#8220;default&#8220; use_background_color_gradient=&#8220;on&#8220; background_color_gradient_direction=&#8220;90deg&#8220; background_color_gradient_stops=&#8220;#6aade4 0%|rgba(255,255,255,0) 100%&#8220; custom_padding=&#8220;30px|50px|30px|50px|true|true&#8220; custom_padding_tablet=&#8220;30px|50px|30px|50px|true|true&#8220; custom_padding_phone=&#8220;|15px||15px|true|true&#8220; custom_padding_last_edited=&#8220;on|phone&#8220; border_radii=&#8220;on|10px|10px|10px|10px&#8220; border_width_all=&#8220;1px&#8220; border_color_all=&#8220;#FFFFFF&#8220; global_colors_info=&#8220;{}&#8220;][et_pb_text _builder_version=&#8220;4.21.2&#8243; _module_preset=&#8220;default&#8220; background_layout=&#8220;dark&#8220; custom_margin=&#8220;||14px|||&#8220; global_colors_info=&#8220;{}&#8220;]<\/p>\n<h4>Podpora aktivn\u00edho zapojen\u00ed absolvent\u016f<\/h4>\n<p>[\/et_pb_text][et_pb_text _builder_version=&#8220;4.21.2&#8243; _module_preset=&#8220;default&#8220; background_layout=&#8220;dark&#8220; global_colors_info=&#8220;{}&#8220;]<\/p>\n<p>Klub absolvent\u016f \u010cVUT podporuje absolventy v udr\u017eov\u00e1n\u00ed siln\u00e9ho spojen\u00ed s univerzitou a ostatn\u00edmi absolventy. Na\u0161e akce, webov\u00e9 semin\u00e1\u0159e, workshopy, setk\u00e1n\u00ed a aktualizace na soci\u00e1ln\u00edch s\u00edt\u00edch nab\u00edzej\u00ed absolvent\u016fm mo\u017enost nav\u00e1zat kontakt, vym\u011b\u0148ovat si zku\u0161enosti a u\u010dit se jeden od druh\u00e9ho.<\/p>\n<p>[\/et_pb_text][\/et_pb_column][\/et_pb_row][et_pb_row column_structure=&#8220;1_2,1_2&#8243; use_custom_gutter=&#8220;on&#8220; gutter_width=&#8220;2&#8243; make_equal=&#8220;on&#8220; custom_padding_last_edited=&#8220;on|phone&#8220; _builder_version=&#8220;4.23.1&#8243; _module_preset=&#8220;default&#8220; background_color=&#8220;#0065BD&#8220; custom_padding=&#8220;20px|50px|90px|50px|false|false&#8220; custom_padding_tablet=&#8220;||60px||false|false&#8220; custom_padding_phone=&#8220;|20px|30px|20px|false|true&#8220; border_radii=&#8220;off|||10px|10px&#8220; global_colors_info=&#8220;{}&#8220;][et_pb_column type=&#8220;1_2&#8243; _builder_version=&#8220;4.21.2&#8243; _module_preset=&#8220;default&#8220; use_background_color_gradient=&#8220;on&#8220; background_color_gradient_direction=&#8220;90deg&#8220; background_color_gradient_stops=&#8220;#6aade4 0%|rgba(255,255,255,0) 100%&#8220; custom_padding=&#8220;30px|50px|30px|50px|true|true&#8220; custom_padding_tablet=&#8220;30px|50px|30px|50px|true|true&#8220; custom_padding_phone=&#8220;|15px||15px|true|true&#8220; custom_padding_last_edited=&#8220;on|phone&#8220; border_radii=&#8220;on|10px|10px|10px|10px&#8220; border_width_all=&#8220;1px&#8220; border_color_all=&#8220;#FFFFFF&#8220; global_colors_info=&#8220;{}&#8220;][et_pb_text _builder_version=&#8220;4.21.2&#8243; _module_preset=&#8220;default&#8220; background_layout=&#8220;dark&#8220; custom_margin=&#8220;||14px|||&#8220; global_colors_info=&#8220;{}&#8220;]<\/p>\n<h4>P\u0159eklenut\u00ed rozd\u00edlu v odv\u011btv\u00ed<\/h4>\n<p>[\/et_pb_text][et_pb_text _builder_version=&#8220;4.21.2&#8243; _module_preset=&#8220;default&#8220; background_layout=&#8220;dark&#8220; global_colors_info=&#8220;{}&#8220;]<\/p>\n<p>Klub absolvent\u016f \u010cVUT p\u016fsob\u00ed jako prost\u0159edn\u00edk mezi absolventy a pr\u016fmyslem a podporuje p\u0159\u00edle\u017eitosti pro navazov\u00e1n\u00ed profesn\u00edch kontakt\u016f a kari\u00e9rn\u00ed postup. S\u00ed\u0165 klubu tak\u00e9 umo\u017e\u0148uje vedouc\u00edm p\u0159edstavitel\u016fm pr\u016fmyslu \u00fa\u010dastnit se akc\u00ed \u010cVUT, nap\u0159\u00edklad hostuj\u00edc\u00edch p\u0159edn\u00e1\u0161ek.<\/p>\n<p>[\/et_pb_text][\/et_pb_column][et_pb_column type=&#8220;1_2&#8243; _builder_version=&#8220;4.21.2&#8243; _module_preset=&#8220;default&#8220; use_background_color_gradient=&#8220;on&#8220; background_color_gradient_direction=&#8220;90deg&#8220; background_color_gradient_stops=&#8220;#6aade4 0%|rgba(255,255,255,0) 100%&#8220; custom_padding=&#8220;30px|50px|30px|50px|true|true&#8220; custom_padding_tablet=&#8220;30px|50px|30px|50px|true|true&#8220; custom_padding_phone=&#8220;|15px||15px|true|true&#8220; custom_padding_last_edited=&#8220;on|phone&#8220; border_radii=&#8220;on|10px|10px|10px|10px&#8220; border_width_all=&#8220;1px&#8220; border_color_all=&#8220;#FFFFFF&#8220; global_colors_info=&#8220;{}&#8220;][et_pb_text _builder_version=&#8220;4.21.2&#8243; _module_preset=&#8220;default&#8220; background_layout=&#8220;dark&#8220; custom_margin=&#8220;||14px|||&#8220; global_colors_info=&#8220;{}&#8220;]<\/p>\n<h4>Oslava rozmanitosti<\/h4>\n<p>[\/et_pb_text][et_pb_text _builder_version=&#8220;4.24.2&#8243; _module_preset=&#8220;default&#8220; background_layout=&#8220;dark&#8220; global_colors_info=&#8220;{}&#8220;]Klub absolvent\u016f \u010cVUT se zavazuje k rozmanitosti a inkluzi a\u00a0odr\u00e1\u017e\u00ed rozmanitou mezin\u00e1rodn\u00ed studentskou komunitu \u010cVUT. Poskytujeme bezpe\u010dn\u00e9 a p\u0159\u00edv\u011btiv\u00e9 prost\u0159ed\u00ed pro v\u0161echny \u010dleny na\u0161eho klubu.[\/et_pb_text][\/et_pb_column][\/et_pb_row][\/et_pb_section][et_pb_section fb_built=&#8220;1&#8243; _builder_version=&#8220;4.21.2&#8243; _module_preset=&#8220;default&#8220; background_color=&#8220;#E05206&#8243; global_module=&#8220;2333&#8243; global_colors_info=&#8220;{}&#8220;][et_pb_row _builder_version=&#8220;4.21.2&#8243; _module_preset=&#8220;default&#8220; global_colors_info=&#8220;{}&#8220;][et_pb_column type=&#8220;4_4&#8243; _builder_version=&#8220;4.21.2&#8243; _module_preset=&#8220;default&#8220; global_colors_info=&#8220;{}&#8220;][et_pb_text _builder_version=&#8220;4.24.2&#8243; _module_preset=&#8220;default&#8220; background_layout=&#8220;dark&#8220; global_colors_info=&#8220;{}&#8220;]<\/p>\n<h2 style=\"text-align: center\">Fakultn\u00ed ALUMNI<\/h2>\n<p>[\/et_pb_text][\/et_pb_column][\/et_pb_row][et_pb_row column_structure=&#8220;3_5,1_5,1_5&#8243; use_custom_gutter=&#8220;on&#8220; gutter_width=&#8220;2&#8243; custom_padding_last_edited=&#8220;on|tablet&#8220; _builder_version=&#8220;4.23.1&#8243; _module_preset=&#8220;default&#8220; custom_padding_tablet=&#8220;15px|15px|15px|15px|true|true&#8220; custom_padding_phone=&#8220;15px|15px|15px|15px|true|true&#8220; background_last_edited=&#8220;on|tablet&#8220; background_enable_color_tablet=&#8220;off&#8220; use_background_color_gradient_tablet=&#8220;on&#8220; background_color_gradient_direction_tablet=&#8220;90deg&#8220; background_color_gradient_stops_tablet=&#8220;rgba(255,255,255,0.5) 0%|rgba(255,255,255,0) 100%&#8220; custom_css_main_element=&#8220;    display: flex;||    align-items: center;&#8220; border_color_all=&#8220;#FFFFFF&#8220; border_radii_tablet=&#8220;on|10px|10px|10px|10px&#8220; border_radii_phone=&#8220;on|10px|10px|10px|10px&#8220; border_radii_last_edited=&#8220;on|desktop&#8220; border_width_all_tablet=&#8220;1px&#8220; border_width_all_phone=&#8220;1px&#8220; border_width_all_last_edited=&#8220;on|tablet&#8220; global_colors_info=&#8220;{}&#8220; custom_css_main_element_last_edited=&#8220;on|desktop&#8220; custom_css_main_element_tablet=&#8220; &#8220; custom_css_main_element_phone=&#8220; &#8222;][et_pb_column type=&#8220;3_5&#8243; _builder_version=&#8220;4.21.2&#8243; _module_preset=&#8220;default&#8220; custom_css_main_element=&#8220;width: 50% !important;&#8220; global_colors_info=&#8220;{}&#8220; custom_css_main_element_last_edited=&#8220;on|tablet&#8220; custom_css_main_element_tablet=&#8220; &#8220; custom_css_main_element_phone=&#8220; &#8222;][et_pb_text _builder_version=&#8220;4.21.2&#8243; _module_preset=&#8220;default&#8220; background_layout=&#8220;dark&#8220; global_colors_info=&#8220;{}&#8220;]<\/p>\n<h2 style=\"text-align: left\">Elektra<\/h2>\n<p>[\/et_pb_text][et_pb_text _builder_version=&#8220;4.24.2&#8243; _module_preset=&#8220;default&#8220; background_layout=&#8220;dark&#8220; global_colors_info=&#8220;{}&#8220;]<\/p>\n<p><span>Spolek absolvent\u016f a p\u0159\u00e1tel Fakulty elektrotechnick\u00e9 byl zalo\u017een v roce 1991 a\u00a0je ned\u00edlnou sou\u010d\u00e1st\u00ed \u010cesk\u00e9ho vysok\u00e9ho u\u010den\u00ed technick\u00e9ho v\u00a0Praze. <\/span><\/p>\n<p>[\/et_pb_text][\/et_pb_column][et_pb_column type=&#8220;1_5&#8243; _builder_version=&#8220;4.21.2&#8243; _module_preset=&#8220;default&#8220; custom_css_main_element=&#8220;width: 28% !important;&#8220; global_colors_info=&#8220;{}&#8220; custom_css_main_element_last_edited=&#8220;on|tablet&#8220; custom_css_main_element_tablet=&#8220; &#8220; custom_css_main_element_phone=&#8220; &#8222;][et_pb_button button_url=&#8220;https:\/\/intranet.fel.cvut.cz\/cz\/&#8220; url_new_window=&#8220;on&#8220; button_text=&#8220;Web Elektra&#8220; button_alignment=&#8220;center&#8220; _builder_version=&#8220;4.24.2&#8243; _module_preset=&#8220;default&#8220; custom_button=&#8220;on&#8220; button_text_color=&#8220;#FFFFFF&#8220; button_use_icon=&#8220;off&#8220; custom_padding=&#8220;|30px||30px|false|true&#8220; global_colors_info=&#8220;{}&#8220; button_text_color__hover_enabled=&#8220;on|hover&#8220; button_text_color__hover=&#8220;#0065BD&#8220; button_bg_color__hover_enabled=&#8220;on|desktop&#8220; button_bg_color__hover=&#8220;#FFFFFF&#8220; button_bg_enable_color__hover=&#8220;on&#8220; button_border_color__hover_enabled=&#8220;on|hover&#8220; button_border_color__hover=&#8220;#0065BD&#8220;][\/et_pb_button][\/et_pb_column][et_pb_column type=&#8220;1_5&#8243; _builder_version=&#8220;4.21.2&#8243; _module_preset=&#8220;default&#8220; custom_css_main_element=&#8220;width: 20% !important;&#8220; global_colors_info=&#8220;{}&#8220; custom_css_main_element_last_edited=&#8220;on|tablet&#8220; custom_css_main_element_tablet=&#8220; &#8220; custom_css_main_element_phone=&#8220;    display: flex;||    justify-content: center;&#8220;][et_pb_code _builder_version=&#8220;4.24.2&#8243; _module_preset=&#8220;default&#8220; link_option_url=&#8220;mailto:chcistudovat@fel.cvut.cz&#8220; global_colors_info=&#8220;{}&#8220;]<!-- [et_pb_line_break_holder] --><!-- [et_pb_line_break_holder] -->[\/et_pb_code][\/et_pb_column][\/et_pb_row][et_pb_row column_structure=&#8220;3_5,1_5,1_5&#8243; use_custom_gutter=&#8220;on&#8220; gutter_width=&#8220;2&#8243; custom_padding_last_edited=&#8220;on|tablet&#8220; disabled_on=&#8220;on|on|on&#8220; _builder_version=&#8220;4.23.1&#8243; _module_preset=&#8220;default&#8220; custom_margin_tablet=&#8220;15px||15px||true|false&#8220; custom_margin_phone=&#8220;15px||15px||true|false&#8220; custom_margin_last_edited=&#8220;on|phone&#8220; custom_padding_tablet=&#8220;15px|15px|15px|15px|true|true&#8220; custom_padding_phone=&#8220;15px|15px|15px|15px|true|true&#8220; background_last_edited=&#8220;on|tablet&#8220; use_background_color_gradient_tablet=&#8220;on&#8220; background_color_gradient_direction_tablet=&#8220;90deg&#8220; background_color_gradient_stops_tablet=&#8220;rgba(255,255,255,0.5) 0%|rgba(255,255,255,0) 100%&#8220; custom_css_main_element=&#8220;    display: flex;||    align-items: center;&#8220; border_color_all=&#8220;#FFFFFF&#8220; border_radii_tablet=&#8220;on|10px|10px|10px|10px&#8220; border_radii_phone=&#8220;on|10px|10px|10px|10px&#8220; border_radii_last_edited=&#8220;on|desktop&#8220; border_width_all_tablet=&#8220;1px&#8220; border_width_all_phone=&#8220;1px&#8220; border_width_all_last_edited=&#8220;on|tablet&#8220; disabled=&#8220;on&#8220; global_colors_info=&#8220;{}&#8220; custom_css_main_element_last_edited=&#8220;on|desktop&#8220; custom_css_main_element_tablet=&#8220; &#8220; custom_css_main_element_phone=&#8220; &#8222;][et_pb_column type=&#8220;3_5&#8243; _builder_version=&#8220;4.21.2&#8243; _module_preset=&#8220;default&#8220; custom_css_main_element=&#8220;width: 50% !important;&#8220; global_colors_info=&#8220;{}&#8220; custom_css_main_element_last_edited=&#8220;on|tablet&#8220; custom_css_main_element_tablet=&#8220; &#8220; custom_css_main_element_phone=&#8220; &#8222;][et_pb_text _builder_version=&#8220;4.21.2&#8243; _module_preset=&#8220;default&#8220; background_layout=&#8220;dark&#8220; global_colors_info=&#8220;{}&#8220;]<\/p>\n<h2 style=\"text-align: left\">EuroTeQ Alumni<\/h2>\n<p>[\/et_pb_text][et_pb_text _builder_version=&#8220;4.21.2&#8243; _module_preset=&#8220;default&#8220; background_layout=&#8220;dark&#8220; global_colors_info=&#8220;{}&#8220;]<\/p>\n<p><span>EuroTeQ Alumni represents eight\u00a0 premier universities of science and technology and business studies,\u00a0 scattered across Europe and nestled within innovation ecosystems. With a wealth of collaborative experience, these universities are uniquely positioned to spearhead a paradigm shift in future engineering education. They aspire to foster responsible co-creation of value in technology.<\/span><\/p>\n<p><span>\u00a0<\/span><\/p>\n<p>[\/et_pb_text][\/et_pb_column][et_pb_column type=&#8220;1_5&#8243; _builder_version=&#8220;4.21.2&#8243; _module_preset=&#8220;default&#8220; custom_css_main_element=&#8220;width: 28% !important;&#8220; global_colors_info=&#8220;{}&#8220; custom_css_main_element_last_edited=&#8220;on|tablet&#8220; custom_css_main_element_tablet=&#8220; &#8220; custom_css_main_element_phone=&#8220; &#8222;][et_pb_button button_url=&#8220;https:\/\/euroteq.cvut.cz\/en\/&#8220; url_new_window=&#8220;on&#8220; button_text=&#8220;Visit their webpage&#8220; button_alignment=&#8220;center&#8220; _builder_version=&#8220;4.23.1&#8243; _module_preset=&#8220;default&#8220; custom_button=&#8220;on&#8220; button_text_color=&#8220;#FFFFFF&#8220; button_use_icon=&#8220;off&#8220; custom_padding=&#8220;|30px||30px|false|true&#8220; global_colors_info=&#8220;{}&#8220; button_text_color__hover_enabled=&#8220;on|hover&#8220; button_text_color__hover=&#8220;#0065BD&#8220; button_bg_color__hover_enabled=&#8220;on|desktop&#8220; button_bg_color__hover=&#8220;#FFFFFF&#8220; button_bg_enable_color__hover=&#8220;on&#8220; button_border_color__hover_enabled=&#8220;on|hover&#8220; button_border_color__hover=&#8220;#0065BD&#8220;][\/et_pb_button][\/et_pb_column][et_pb_column type=&#8220;1_5&#8243; _builder_version=&#8220;4.21.2&#8243; _module_preset=&#8220;default&#8220; custom_css_main_element=&#8220;width: 20% !important;&#8220; global_colors_info=&#8220;{}&#8220; custom_css_main_element_last_edited=&#8220;on|phone&#8220; custom_css_main_element_tablet=&#8220; &#8220; custom_css_main_element_phone=&#8220;    display: flex;||    justify-content: center;&#8220;][et_pb_code _builder_version=&#8220;4.23.1&#8243; _module_preset=&#8220;default&#8220; global_colors_info=&#8220;{}&#8220;]<a href=\"https:\/\/www.instagram.com\/cvut.euroteq\/\" target=\"_blank\" rel=\"noopener noreferrer\"><!-- [et_pb_line_break_holder] --><!-- [et_pb_line_break_holder] --><!-- [et_pb_line_break_holder] --><!-- [et_pb_line_break_holder] --><!-- [et_pb_line_break_holder] --><!-- [et_pb_line_break_holder] --><!-- [et_pb_line_break_holder] --><!-- [et_pb_line_break_holder] --><\/a><!-- [et_pb_line_break_holder] --><!-- [et_pb_line_break_holder] --><a href=\"https:\/\/www.linkedin.com\/company\/euroteq-engineering-university\/\" target=\"_blank\" rel=\"noopener noreferrer\"><!-- [et_pb_line_break_holder] --><!-- [et_pb_line_break_holder] --><!-- [et_pb_line_break_holder] --><!-- [et_pb_line_break_holder] --><!-- [et_pb_line_break_holder] --><!-- [et_pb_line_break_holder] --><\/a>[\/et_pb_code][\/et_pb_column][\/et_pb_row][et_pb_row column_structure=&#8220;3_5,1_5,1_5&#8243; use_custom_gutter=&#8220;on&#8220; gutter_width=&#8220;2&#8243; custom_padding_last_edited=&#8220;on|tablet&#8220; disabled_on=&#8220;on|on|on&#8220; _builder_version=&#8220;4.23.1&#8243; _module_preset=&#8220;default&#8220; custom_padding_tablet=&#8220;15px|15px|15px|15px|true|true&#8220; custom_padding_phone=&#8220;15px|15px|15px|15px|true|true&#8220; background_last_edited=&#8220;on|tablet&#8220; use_background_color_gradient_tablet=&#8220;on&#8220; background_color_gradient_direction_tablet=&#8220;90deg&#8220; background_color_gradient_stops_tablet=&#8220;rgba(255,255,255,0.5) 0%|rgba(255,255,255,0) 100%&#8220; custom_css_main_element=&#8220;    display: flex;||    justify-content: center;||    align-items: center;&#8220; border_color_all=&#8220;#FFFFFF&#8220; border_radii_tablet=&#8220;on|10px|10px|10px|10px&#8220; border_radii_phone=&#8220;on|10px|10px|10px|10px&#8220; border_radii_last_edited=&#8220;on|desktop&#8220; border_width_all_tablet=&#8220;1px&#8220; border_width_all_phone=&#8220;1px&#8220; border_width_all_last_edited=&#8220;on|tablet&#8220; disabled=&#8220;on&#8220; global_colors_info=&#8220;{}&#8220; custom_css_main_element_last_edited=&#8220;on|tablet&#8220; custom_css_main_element_tablet=&#8220; &#8220; custom_css_main_element_phone=&#8220; &#8222;][et_pb_column type=&#8220;3_5&#8243; _builder_version=&#8220;4.21.2&#8243; _module_preset=&#8220;default&#8220; custom_css_main_element=&#8220;width: 50% !important;&#8220; global_colors_info=&#8220;{}&#8220; custom_css_main_element_last_edited=&#8220;on|tablet&#8220; custom_css_main_element_tablet=&#8220; &#8220; custom_css_main_element_phone=&#8220; &#8222;][et_pb_text _builder_version=&#8220;4.21.2&#8243; _module_preset=&#8220;default&#8220; background_layout=&#8220;dark&#8220; global_colors_info=&#8220;{}&#8220;]<\/p>\n<h2 style=\"text-align: left\">Czechia Alumni\u00a0<\/h2>\n<p>[\/et_pb_text][et_pb_text _builder_version=&#8220;4.21.2&#8243; _module_preset=&#8220;default&#8220; background_layout=&#8220;dark&#8220; global_colors_info=&#8220;{}&#8220;]<\/p>\n<p><span>This network welcomes all international individuals who have pursued studies at Czech higher education institutions. It&#8217;s designed for those who associate themselves not only with their previous institution, but also with the country and its culture. There&#8217;s no limitation placed on the duration of study for participation in this network.\u00a0<\/span><\/p>\n<p>[\/et_pb_text][\/et_pb_column][et_pb_column type=&#8220;1_5&#8243; _builder_version=&#8220;4.21.2&#8243; _module_preset=&#8220;default&#8220; custom_css_main_element=&#8220;width: 28% !important;&#8220; global_colors_info=&#8220;{}&#8220; custom_css_main_element_last_edited=&#8220;on|tablet&#8220; custom_css_main_element_tablet=&#8220; &#8220; custom_css_main_element_phone=&#8220; &#8222;][et_pb_button button_url=&#8220;http:\/\/www.alumnicvut.cz\/&#8220; url_new_window=&#8220;on&#8220; button_text=&#8220;Visit their webpage&#8220; button_alignment=&#8220;center&#8220; _builder_version=&#8220;4.23.1&#8243; _module_preset=&#8220;default&#8220; custom_button=&#8220;on&#8220; button_text_color=&#8220;#FFFFFF&#8220; button_use_icon=&#8220;off&#8220; custom_padding=&#8220;|30px||30px|false|true&#8220; global_colors_info=&#8220;{}&#8220; button_text_color__hover_enabled=&#8220;on|hover&#8220; button_text_color__hover=&#8220;#0065BD&#8220; button_bg_color__hover_enabled=&#8220;on|desktop&#8220; button_bg_color__hover=&#8220;#FFFFFF&#8220; button_bg_enable_color__hover=&#8220;on&#8220; button_border_color__hover_enabled=&#8220;on|hover&#8220; button_border_color__hover=&#8220;#0065BD&#8220;][\/et_pb_button][\/et_pb_column][et_pb_column type=&#8220;1_5&#8243; _builder_version=&#8220;4.21.2&#8243; _module_preset=&#8220;default&#8220; custom_css_main_element=&#8220;width: 20% !important;&#8220; global_colors_info=&#8220;{}&#8220; custom_css_main_element_last_edited=&#8220;on|phone&#8220; custom_css_main_element_tablet=&#8220; &#8220; custom_css_main_element_phone=&#8220;    display: flex;||    justify-content: center;&#8220;][et_pb_code _builder_version=&#8220;4.23.1&#8243; _module_preset=&#8220;default&#8220; global_colors_info=&#8220;{}&#8220;]<a href=\"https:\/\/www.facebook.com\/alumnicvut\/\" target=\"_blank\" rel=\"noopener noreferrer\"><!-- [et_pb_line_break_holder] --><!-- [et_pb_line_break_holder] --><!-- [et_pb_line_break_holder] --><!-- [et_pb_line_break_holder] --><!-- [et_pb_line_break_holder] --><!-- [et_pb_line_break_holder] --><\/a><!-- [et_pb_line_break_holder] --><a href=\"https:\/\/www.linkedin.com\/groups\/8275030\/profile\" target=\"_blank\" rel=\"noopener noreferrer\"><!-- [et_pb_line_break_holder] --><!-- [et_pb_line_break_holder] --><!-- [et_pb_line_break_holder] --><!-- [et_pb_line_break_holder] --><!-- [et_pb_line_break_holder] --><!-- [et_pb_line_break_holder] --><\/a>[\/et_pb_code][\/et_pb_column][\/et_pb_row][\/et_pb_section][et_pb_section fb_built=&#8220;1&#8243; disabled_on=&#8220;on|on|on&#8220; _builder_version=&#8220;4.21.2&#8243; _module_preset=&#8220;default&#8220; background_color=&#8220;#FFFFFF&#8220; custom_padding=&#8220;12px||10px|||&#8220; disabled=&#8220;on&#8220; global_colors_info=&#8220;{}&#8220;][et_pb_row column_structure=&#8220;3_5,2_5&#8243; use_custom_gutter=&#8220;on&#8220; gutter_width=&#8220;2&#8243; _builder_version=&#8220;4.21.2&#8243; _module_preset=&#8220;default&#8220; custom_padding=&#8220;50px||50px||true|false&#8220; custom_css_main_element=&#8220;    display: flex;||    align-items: center;&#8220; global_colors_info=&#8220;{}&#8220; custom_css_main_element_last_edited=&#8220;on|tablet&#8220; custom_css_main_element_tablet=&#8220; &#8220; custom_css_main_element_phone=&#8220; &#8222;][et_pb_column type=&#8220;3_5&#8243; _builder_version=&#8220;4.21.2&#8243; _module_preset=&#8220;default&#8220; custom_css_main_element=&#8220;width: 50% !important;&#8220; global_colors_info=&#8220;{}&#8220; custom_css_main_element_last_edited=&#8220;on|tablet&#8220; custom_css_main_element_tablet=&#8220; &#8220; custom_css_main_element_phone=&#8220; &#8222;][et_pb_text content_tablet=&#8220;<\/p>\n<h2>Press Center<\/h2>\n<p>&#8220; content_phone=&#8220;<\/p>\n<h2>Press Center<\/h2>\n<p>&#8220; content_last_edited=&#8220;on|desktop&#8220; _builder_version=&#8220;4.24.2&#8243; _module_preset=&#8220;default&#8220; global_colors_info=&#8220;{}&#8220;]<\/p>\n<h2>Press Center<\/h2>\n<p>[\/et_pb_text][et_pb_text _builder_version=&#8220;4.21.2&#8243; _module_preset=&#8220;default&#8220; global_colors_info=&#8220;{}&#8220;]<\/p>\n<p><span>Are you interested in representing the CTU Alumni brand? Our press kit, which you can download, includes a variety of logo options, high-resolution images, as well as video and audio files. It also provides a template for sharing your testimonials.<\/span><\/p>\n<p>[\/et_pb_text][\/et_pb_column][et_pb_column type=&#8220;2_5&#8243; _builder_version=&#8220;4.21.2&#8243; _module_preset=&#8220;default&#8220; custom_padding=&#8220;||||true|false&#8220; custom_css_main_element=&#8220;display: flex;&#8220; global_colors_info=&#8220;{}&#8220; custom_css_main_element_last_edited=&#8220;on|tablet&#8220; custom_css_main_element_tablet=&#8220;||&#8220; custom_css_main_element_phone=&#8220;||&#8220;][et_pb_icon font_icon=&#8220;&#x35;||divi||400&#8243; icon_color=&#8220;#0065BD&#8220; icon_width=&#8220;53px&#8220; disabled_on=&#8220;on|on|off&#8220; _builder_version=&#8220;4.21.2&#8243; _module_preset=&#8220;default&#8220; custom_padding=&#8220;0px|10px|0px||true|false&#8220; global_colors_info=&#8220;{}&#8220; font_icon__hover_enabled=&#8220;off|hover&#8220; font_icon__hover=&#8220;$||divi||400&#8243;][\/et_pb_icon][et_pb_button button_url=&#8220;@ET-DC@eyJkeW5hbWljIjp0cnVlLCJjb250ZW50IjoicG9zdF9saW5rX3VybF9wYWdlIiwic2V0dGluZ3MiOnsicG9zdF9pZCI6IjE0NDAiLCJlbmFibGVfaHRtbCI6Im9mZiJ9fQ==@&#8220; button_text=&#8220;Press center&#8220; button_alignment=&#8220;center&#8220; _builder_version=&#8220;4.23.1&#8243; _dynamic_attributes=&#8220;button_url&#8220; _module_preset=&#8220;default&#8220; custom_button=&#8220;on&#8220; button_text_color=&#8220;#FFFFFF&#8220; button_bg_color=&#8220;#0065BD&#8220; button_use_icon=&#8220;off&#8220; custom_padding=&#8220;|30px||30px|false|true&#8220; global_colors_info=&#8220;{}&#8220; button_text_color__hover_enabled=&#8220;on|hover&#8220; button_text_color__hover=&#8220;#0065BD&#8220; button_bg_color__hover_enabled=&#8220;on|hover&#8220; button_bg_color__hover=&#8220;#FFFFFF&#8220; button_bg_enable_color__hover=&#8220;on&#8220; button_border_color__hover_enabled=&#8220;on|hover&#8220; button_border_color__hover=&#8220;#0065BD&#8220;][\/et_pb_button][\/et_pb_column][\/et_pb_row][\/et_pb_section]<\/p>\n","protected":false},"excerpt":{"rendered":"<p>Klub Alumni \u010cVUT<div class=\"et_pb_module dipi_breadcrumbs dipi_breadcrumbs_0\">\n\t\t\t\t\n\t\t\t\t\n\t\t\t\t\n\t\t\t\t\n\t\t\t\t\n\t\t\t\t\n\t\t\t\t<div class=\"et_pb_module_inner\">\n\t\t\t\t\t<div class=\"dipi-breadcrumbs dipi-bc-left\">\n                <ul >\n                    \n                                                        <li  class=\"dipi-breadcrumb-item dipi-breadcrumb-home\">\n\n                        \n                            <a  href=\"\">\n                                <span  >\n                                    <span class=\"et-pb-icon dipi-home-icon\"><\/span>                                    \u00davod                                <\/span>\n                            <\/a>\n\n                                                <meta itemprop=\"position\" content=\"1\"\/>                    <\/li>\n\n                    <li class=\"dipi-breadcrumb-separator\">\n                    <span class=\"et-pb-icon dipi-separator-icon\">&#x35;<\/span>\n                <\/li>                            \n                <\/ul>\n            <\/div>\n\t\t\t\t<\/div>\n\t\t\t<\/div>Co je Alumni \u010cVUT klub?V\u00edtejte na str\u00e1nk\u00e1ch absolvent\u016f \u010cesk\u00e9ho vysok\u00e9ho u\u010den\u00ed technick\u00e9ho v\u00a0Praze. ALUMNI \u010cVUT sdru\u017euje absolventy v\u0161ech vzd\u011bl\u00e1vac\u00edch sou\u010d\u00e1st\u00ed \u010cVUT \u2013 fakult i \u00fastav\u016f. Nez\u00e1le\u017e\u00ed na tom, zda jste absolvovali ned\u00e1vno, nebo je to [&hellip;]<\/p>\n","protected":false},"author":1,"featured_media":0,"parent":0,"menu_order":0,"comment_status":"closed","ping_status":"closed","template":"","meta":{"_et_pb_use_builder":"on","_et_pb_old_content":"","_et_gb_content_width":"","footnotes":""},"dipi_cpt_category":[],"yoast_head":"<!-- This site is optimized with the Yoast SEO plugin v22.4 - https:\/\/yoast.com\/wordpress\/plugins\/seo\/ -->\n<title>O n\u00e1s - Absolventi \u010cVUT<\/title>\n<meta name=\"robots\" content=\"index, follow, max-snippet:-1, max-image-preview:large, max-video-preview:-1\" \/>\n<link rel=\"canonical\" href=\"https:\/\/alumni.cvut.cz\/absolventi\/o-nas\/\" \/>\n<meta property=\"og:locale\" content=\"cs_CZ\" \/>\n<meta property=\"og:type\" content=\"article\" \/>\n<meta property=\"og:title\" content=\"O n\u00e1s - Absolventi \u010cVUT\" \/>\n<meta property=\"og:description\" content=\"Klub Alumni \u010cVUTCo je Alumni \u010cVUT klub?V\u00edtejte na str\u00e1nk\u00e1ch absolvent\u016f \u010cesk\u00e9ho vysok\u00e9ho u\u010den\u00ed technick\u00e9ho v\u00a0Praze. ALUMNI \u010cVUT sdru\u017euje absolventy v\u0161ech vzd\u011bl\u00e1vac\u00edch sou\u010d\u00e1st\u00ed \u010cVUT \u2013 fakult i \u00fastav\u016f. Nez\u00e1le\u017e\u00ed na tom, zda jste absolvovali ned\u00e1vno, nebo je to [&hellip;]\" \/>\n<meta property=\"og:url\" content=\"https:\/\/alumni.cvut.cz\/absolventi\/o-nas\/\" \/>\n<meta property=\"og:site_name\" content=\"Absolventi \u010cVUT\" \/>\n<meta property=\"article:modified_time\" content=\"2026-02-03T07:24:40+00:00\" \/>\n<meta name=\"twitter:card\" content=\"summary_large_image\" \/>\n<meta name=\"twitter:label1\" content=\"Odhadovan\u00e1 doba \u010dten\u00ed\" \/>\n\t<meta name=\"twitter:data1\" content=\"6 minut\" \/>\n<script type=\"application\/ld+json\" class=\"yoast-schema-graph\">{\"@context\":\"https:\/\/schema.org\",\"@graph\":[{\"@type\":\"WebPage\",\"@id\":\"https:\/\/alumni.cvut.cz\/absolventi\/o-nas\/\",\"url\":\"https:\/\/alumni.cvut.cz\/absolventi\/o-nas\/\",\"name\":\"O n\u00e1s - Absolventi \u010cVUT\",\"isPartOf\":{\"@id\":\"https:\/\/alumni.cvut.cz\/absolventi\/#website\"},\"datePublished\":\"2023-08-05T19:09:37+00:00\",\"dateModified\":\"2026-02-03T07:24:40+00:00\",\"breadcrumb\":{\"@id\":\"https:\/\/alumni.cvut.cz\/absolventi\/o-nas\/#breadcrumb\"},\"inLanguage\":\"cs\",\"potentialAction\":[{\"@type\":\"ReadAction\",\"target\":[\"https:\/\/alumni.cvut.cz\/absolventi\/o-nas\/\"]}]},{\"@type\":\"BreadcrumbList\",\"@id\":\"https:\/\/alumni.cvut.cz\/absolventi\/o-nas\/#breadcrumb\",\"itemListElement\":[{\"@type\":\"ListItem\",\"position\":1,\"name\":\"Home\",\"item\":\"https:\/\/alumni.cvut.cz\/absolventi\/\"},{\"@type\":\"ListItem\",\"position\":2,\"name\":\"O n\u00e1s\"}]},{\"@type\":\"WebSite\",\"@id\":\"https:\/\/alumni.cvut.cz\/absolventi\/#website\",\"url\":\"https:\/\/alumni.cvut.cz\/absolventi\/\",\"name\":\"Absolventi \u010cVUT\",\"description\":\"V\u00edtejte ve Spole\u010denstv\u00ed absolvent\u016f \u010cVUT.\",\"potentialAction\":[{\"@type\":\"SearchAction\",\"target\":{\"@type\":\"EntryPoint\",\"urlTemplate\":\"https:\/\/alumni.cvut.cz\/absolventi\/?s={search_term_string}\"},\"query-input\":\"required name=search_term_string\"}],\"inLanguage\":\"cs\"}]}<\/script>\n<!-- \/ Yoast SEO plugin. -->","yoast_head_json":{"title":"O n\u00e1s - Absolventi \u010cVUT","robots":{"index":"index","follow":"follow","max-snippet":"max-snippet:-1","max-image-preview":"max-image-preview:large","max-video-preview":"max-video-preview:-1"},"canonical":"https:\/\/alumni.cvut.cz\/absolventi\/o-nas\/","og_locale":"cs_CZ","og_type":"article","og_title":"O n\u00e1s - Absolventi \u010cVUT","og_description":"Klub Alumni \u010cVUTCo je Alumni \u010cVUT klub?V\u00edtejte na str\u00e1nk\u00e1ch absolvent\u016f \u010cesk\u00e9ho vysok\u00e9ho u\u010den\u00ed technick\u00e9ho v\u00a0Praze. ALUMNI \u010cVUT sdru\u017euje absolventy v\u0161ech vzd\u011bl\u00e1vac\u00edch sou\u010d\u00e1st\u00ed \u010cVUT \u2013 fakult i \u00fastav\u016f. Nez\u00e1le\u017e\u00ed na tom, zda jste absolvovali ned\u00e1vno, nebo je to [&hellip;]","og_url":"https:\/\/alumni.cvut.cz\/absolventi\/o-nas\/","og_site_name":"Absolventi \u010cVUT","article_modified_time":"2026-02-03T07:24:40+00:00","twitter_card":"summary_large_image","twitter_misc":{"Odhadovan\u00e1 doba \u010dten\u00ed":"6 minut"},"schema":{"@context":"https:\/\/schema.org","@graph":[{"@type":"WebPage","@id":"https:\/\/alumni.cvut.cz\/absolventi\/o-nas\/","url":"https:\/\/alumni.cvut.cz\/absolventi\/o-nas\/","name":"O n\u00e1s - Absolventi \u010cVUT","isPartOf":{"@id":"https:\/\/alumni.cvut.cz\/absolventi\/#website"},"datePublished":"2023-08-05T19:09:37+00:00","dateModified":"2026-02-03T07:24:40+00:00","breadcrumb":{"@id":"https:\/\/alumni.cvut.cz\/absolventi\/o-nas\/#breadcrumb"},"inLanguage":"cs","potentialAction":[{"@type":"ReadAction","target":["https:\/\/alumni.cvut.cz\/absolventi\/o-nas\/"]}]},{"@type":"BreadcrumbList","@id":"https:\/\/alumni.cvut.cz\/absolventi\/o-nas\/#breadcrumb","itemListElement":[{"@type":"ListItem","position":1,"name":"Home","item":"https:\/\/alumni.cvut.cz\/absolventi\/"},{"@type":"ListItem","position":2,"name":"O n\u00e1s"}]},{"@type":"WebSite","@id":"https:\/\/alumni.cvut.cz\/absolventi\/#website","url":"https:\/\/alumni.cvut.cz\/absolventi\/","name":"Absolventi \u010cVUT","description":"V\u00edtejte ve Spole\u010denstv\u00ed absolvent\u016f \u010cVUT.","potentialAction":[{"@type":"SearchAction","target":{"@type":"EntryPoint","urlTemplate":"https:\/\/alumni.cvut.cz\/absolventi\/?s={search_term_string}"},"query-input":"required name=search_term_string"}],"inLanguage":"cs"}]}},"_links":{"self":[{"href":"https:\/\/alumni.cvut.cz\/absolventi\/wp-json\/wp\/v2\/pages\/139"}],"collection":[{"href":"https:\/\/alumni.cvut.cz\/absolventi\/wp-json\/wp\/v2\/pages"}],"about":[{"href":"https:\/\/alumni.cvut.cz\/absolventi\/wp-json\/wp\/v2\/types\/page"}],"author":[{"embeddable":true,"href":"https:\/\/alumni.cvut.cz\/absolventi\/wp-json\/wp\/v2\/users\/1"}],"replies":[{"embeddable":true,"href":"https:\/\/alumni.cvut.cz\/absolventi\/wp-json\/wp\/v2\/comments?post=139"}],"version-history":[{"count":68,"href":"https:\/\/alumni.cvut.cz\/absolventi\/wp-json\/wp\/v2\/pages\/139\/revisions"}],"predecessor-version":[{"id":3386,"href":"https:\/\/alumni.cvut.cz\/absolventi\/wp-json\/wp\/v2\/pages\/139\/revisions\/3386"}],"wp:attachment":[{"href":"https:\/\/alumni.cvut.cz\/absolventi\/wp-json\/wp\/v2\/media?parent=139"}],"wp:term":[{"taxonomy":"dipi_cpt_category","embeddable":true,"href":"https:\/\/alumni.cvut.cz\/absolventi\/wp-json\/wp\/v2\/dipi_cpt_category?post=139"}],"curies":[{"name":"wp","href":"https:\/\/api.w.org\/{rel}","templated":true}]}}